{"id":15722,"date":"2023-03-11T14:12:11","date_gmt":"2023-03-11T13:12:11","guid":{"rendered":"https:\/\/www.duchenne-schweiz.ch\/a-propos-de-nous\/"},"modified":"2025-06-03T16:50:57","modified_gmt":"2025-06-03T15:50:57","slug":"a-propos-de-nous","status":"publish","type":"page","link":"https:\/\/www.duchenne-schweiz.ch\/fr\/a-propos-de-nous\/","title":{"rendered":"\u00c0 propos de nous"},"content":{"rendered":"<p>[et_pb_section fb_built=\u00a0\u00bb1&Prime; fullwidth=\u00a0\u00bbon\u00a0\u00bb next_background_color=\u00a0\u00bb#ffffff\u00a0\u00bb _builder_version=\u00a0\u00bb4.18.0&Prime; _module_preset=\u00a0\u00bbdefault\u00a0\u00bb background_image=\u00a0\u00bbhttps:\/\/www.duchenne-schweiz.ch\/wp-content\/uploads\/2022\/07\/blog-background.jpg\u00a0\u00bb parallax=\u00a0\u00bbon\u00a0\u00bb background_enable_mask_style=\u00a0\u00bbon\u00a0\u00bb background_mask_style=\u00a0\u00bbdiagonal-bars\u00a0\u00bb background_mask_color=\u00a0\u00bbrgba(255,255,255,0.49)\u00a0\u00bb background_mask_aspect_ratio=\u00a0\u00bbsquare\u00a0\u00bb height=\u00a0\u00bb250px\u00a0\u00bb custom_margin=\u00a0\u00bb-225px||||false|false\u00a0\u00bb bottom_divider_style=\u00a0\u00bbwave2&Prime; global_colors_info=\u00a0\u00bb{}\u00a0\u00bb][\/et_pb_section][et_pb_section fb_built=\u00a0\u00bb1&Prime; _builder_version=\u00a0\u00bb4.21.0&Prime; _module_preset=\u00a0\u00bbdefault\u00a0\u00bb custom_margin=\u00a0\u00bb0px|0px|0px|0px|false|false\u00a0\u00bb custom_padding=\u00a0\u00bb0px|0px|0px|0px|false|false\u00a0\u00bb locked=\u00a0\u00bboff\u00a0\u00bb global_colors_info=\u00a0\u00bb{}\u00a0\u00bb][et_pb_row admin_label=\u00a0\u00bb&lt;br&gt;Titre\u00a0\u00bb _builder_version=\u00a0\u00bb4.21.0&Prime; _module_preset=\u00a0\u00bbdefault\u00a0\u00bb custom_padding=\u00a0\u00bb||0px||false|false\u00a0\u00bb global_colors_info=\u00a0\u00bb{}\u00a0\u00bb][et_pb_column type=\u00a0\u00bb4_4&Prime; _builder_version=\u00a0\u00bb4.20.2&Prime; _module_preset=\u00a0\u00bbdefault\u00a0\u00bb global_colors_info=\u00a0\u00bb{}\u00a0\u00bb][et_pb_text _builder_version=\u00a0\u00bb4.24.2&Prime; _module_preset=\u00a0\u00bbdefault\u00a0\u00bb header_line_height=\u00a0\u00bb1.3em\u00a0\u00bb global_colors_info=\u00a0\u00bb{}\u00a0\u00bb]<\/p>\n<h1>Bienvenue \u00e0 tous<\/h1>\n<p>[\/et_pb_text][et_pb_text _builder_version=\u00a0\u00bb4.24.2&Prime; _module_preset=\u00a0\u00bbdefault\u00a0\u00bb custom_padding=\u00a0\u00bb0px|||||\u00a0\u00bb global_colors_info=\u00a0\u00bb{}\u00a0\u00bb]<\/p>\n<p style=\"text-align: justify;\">Nous sommes tous unis par le fait que nous avons des fils atteints de MD Duchenne. Nous sommes l\u00e0 pour vous! Pour vos peurs et vos soucis, pour vos demandes.  <\/p>\n<p>M\u00eame si cela vous semble difficile, faites ce pas vers nous et prenez contact avec nous.<br \/>Vous ne vous engagez pas et vous d\u00e9cidez du niveau de contact que vous souhaitez maintenir.<\/p>\n<ul>\n<li>Nous travaillons en r\u00e9seau avec diverses organisations.<\/li>\n<li>Nous encourageons l&rsquo;\u00e9change d&rsquo;informations avec tous ceux qui s&rsquo;int\u00e9ressent \u00e0 cette maladie.<\/li>\n<li>Nous utilisons les fonds g\u00e9n\u00e9r\u00e9s par les activit\u00e9s de collecte de fonds pour les demandes de soutien priv\u00e9es et les projets en faveur de la maladie de Duchenne.<\/li>\n<\/ul>\n<p style=\"text-align: justify;\">Avec qui veux-tu prendre contact ?<\/p>\n<p>[\/et_pb_text][\/et_pb_column][\/et_pb_row][\/et_pb_section][et_pb_section fb_built=\u00a0\u00bb1&Prime; admin_label=\u00a0\u00bbRaster-Layout\u00a0\u00bb module_class=\u00a0\u00bbflex-continer\u00a0\u00bb _builder_version=\u00a0\u00bb4.21.0&Prime; _module_preset=\u00a0\u00bbdefault\u00a0\u00bb custom_padding=\u00a0\u00bb0px||||false|false\u00a0\u00bb locked=\u00a0\u00bboff\u00a0\u00bb global_colors_info=\u00a0\u00bb{}\u00a0\u00bb][et_pb_row column_structure=\u00a0\u00bb1_5,1_5,1_5,1_5,1_5&Prime; admin_label=\u00a0\u00bbLigne 1&Prime; module_class=\u00a0\u00bbflex-container\u00a0\u00bb _builder_version=\u00a0\u00bb4.21.0&Prime; _module_preset=\u00a0\u00bbdefault\u00a0\u00bb global_colors_info=\u00a0\u00bb{}\u00a0\u00bb][et_pb_column type=\u00a0\u00bb1_5&Prime; module_class=\u00a0\u00bbflex-item\u00a0\u00bb _builder_version=\u00a0\u00bb4.21.0&Prime; _module_preset=\u00a0\u00bbdefault\u00a0\u00bb global_colors_info=\u00a0\u00bb{}\u00a0\u00bb][et_pb_image src=\u00a0\u00bbhttps:\/\/www.duchenne-schweiz.ch\/wp-content\/uploads\/2024\/03\/Franziska_Anderegg.jpg\u00a0\u00bb title_text=\u00a0\u00bbFranziska_Anderegg\u00a0\u00bb force_fullwidth=\u00a0\u00bbon\u00a0\u00bb module_class=\u00a0\u00bbsized-images square\u00a0\u00bb _builder_version=\u00a0\u00bb4.24.2&Prime; _module_preset=\u00a0\u00bbdefault\u00a0\u00bb transform_rotate=\u00a0\u00bb0deg|180deg|0deg\u00a0\u00bb border_radii=\u00a0\u00bbon|8px|8px|8px|8px\u00a0\u00bb global_colors_info=\u00a0\u00bb{}\u00a0\u00bb][\/et_pb_image][et_pb_blurb title=\u00a0\u00bbFranziska Anderegg\u00a0\u00bb _builder_version=\u00a0\u00bb4.24.2&Prime; _module_preset=\u00a0\u00bbdefault\u00a0\u00bb header_level=\u00a0\u00bbh3&Prime; header_line_height=\u00a0\u00bb1.2em\u00a0\u00bb custom_css_blurb_title=\u00a0\u00bbpadding-bottom: 5px;\u00a0\u00bb global_colors_info=\u00a0\u00bb{}\u00a0\u00bb]<\/p>\n<p>Caisse<\/p>\n<p>[\/et_pb_blurb][et_pb_text _builder_version=\u00a0\u00bb4.24.2&Prime; _module_preset=\u00a0\u00bbdefault\u00a0\u00bb header_line_height=\u00a0\u00bb1.2em\u00a0\u00bb header_2_line_height=\u00a0\u00bb1.2em\u00a0\u00bb header_3_line_height=\u00a0\u00bb1.2em\u00a0\u00bb header_4_line_height=\u00a0\u00bb1.2em\u00a0\u00bb header_5_line_height=\u00a0\u00bb1.2em\u00a0\u00bb header_6_line_height=\u00a0\u00bb1.2em\u00a0\u00bb global_colors_info=\u00a0\u00bb{}\u00a0\u00bb]<\/p>\n<p><em>\u00abJe regarde les finances\u00bb<\/em><\/p>\n<p>[\/et_pb_text][et_pb_toggle title=\u00a0\u00bbplus d&#039;infos &#8230;\u00a0\u00bb open_toggle_background_color=\u00a0\u00bbRGBA(255,255,255,0)\u00a0\u00bb closed_toggle_background_color=\u00a0\u00bbRGBA(255,255,255,0)\u00a0\u00bb icon_color=\u00a0\u00bbRGBA(255,255,255,0)\u00a0\u00bb use_icon_font_size=\u00a0\u00bbon\u00a0\u00bb open_icon_color=\u00a0\u00bbRGBA(255,255,255,0)\u00a0\u00bb open_use_icon_font_size=\u00a0\u00bbon\u00a0\u00bb module_class=\u00a0\u00bbet-readmore-toggle\u00a0\u00bb _builder_version=\u00a0\u00bb4.24.2&Prime; _module_preset=\u00a0\u00bbdefault\u00a0\u00bb title_text_align=\u00a0\u00bbleft\u00a0\u00bb closed_title_text_align=\u00a0\u00bbleft\u00a0\u00bb custom_padding=\u00a0\u00bb0px|0px|0px|0px|true|true\u00a0\u00bb custom_css_main_element=\u00a0\u00bbdisplay:flex;||flex-direction: column;||align-items: flex-start;\u00a0\u00bb custom_css_toggle_title=\u00a0\u00bborder:2;||padding-right:25px !important;\u00a0\u00bb custom_css_toggle_content=\u00a0\u00bborder:1;||\u00a0\u00bb border_width_all=\u00a0\u00bb0px\u00a0\u00bb global_colors_info=\u00a0\u00bb{}\u00a0\u00bb]<\/p>\n<p>Je vis avec ma famille \u00e0 Langenthal. Nous avons quatre enfants; Jannik (2001) et Jonas (2005) vivent avec la maladie de Duchenne. David (2003) et Lena (2007) sont tr\u00e8s sportifs.<br \/>Tous les enfants vivent \u00e0 la maison et \u00e9tudient ou sont au lyc\u00e9e. Nous avons engag\u00e9 10 assistants qui accompagnent les gar\u00e7ons tout au long de la journ\u00e9e et nous soutiennent en tant que famille.<br \/>Je me r\u00e9jouis de faire partie du comit\u00e9 directeur et de transmettre mes connaissances sur la fr\u00e9quentation des \u00e9coles publiques et en tant qu&#8217;employeur (entre-temps, les gar\u00e7ons sont eux-m\u00eames employeurs) dans le mod\u00e8le d&rsquo;assistance&#8230;   <em><br \/><\/em><\/p>\n<p>[\/et_pb_toggle][et_pb_button button_url=\u00a0\u00bbmailto:oliver.gruebner@duchenne-schweiz.ch\u00a0\u00bb url_new_window=\u00a0\u00bbon\u00a0\u00bb button_text=\u00a0\u00bbEnvoyer un mail\u00a0\u00bb disabled_on=\u00a0\u00bbon|on|on\u00a0\u00bb _builder_version=\u00a0\u00bb4.24.2&Prime; _dynamic_attributes=\u00a0\u00bbbutton_text\u00a0\u00bb _module_preset=\u00a0\u00bbdefault\u00a0\u00bb custom_margin_tablet=\u00a0\u00bb\u00a0\u00bb custom_margin_phone=\u00a0\u00bb-15px||15px||false|false\u00a0\u00bb custom_margin_last_edited=\u00a0\u00bbon|phone\u00a0\u00bb disabled=\u00a0\u00bbon\u00a0\u00bb locked=\u00a0\u00bboff\u00a0\u00bb global_colors_info=\u00a0\u00bb{}\u00a0\u00bb][\/et_pb_button][\/et_pb_column][et_pb_column type=\u00a0\u00bb1_5&Prime; module_class=\u00a0\u00bbflex-item\u00a0\u00bb admin_label=\u00a0\u00bbSpalte\u00a0\u00bb _builder_version=\u00a0\u00bb4.21.0&Prime; _module_preset=\u00a0\u00bbdefault\u00a0\u00bb global_colors_info=\u00a0\u00bb{}\u00a0\u00bb][et_pb_image src=\u00a0\u00bbhttps:\/\/www.duchenne-schweiz.ch\/wp-content\/uploads\/2024\/03\/Zana_Arifi.jpg\u00a0\u00bb title_text=\u00a0\u00bbZana_Arifi\u00a0\u00bb force_fullwidth=\u00a0\u00bbon\u00a0\u00bb module_class=\u00a0\u00bbsized-images square\u00a0\u00bb _builder_version=\u00a0\u00bb4.24.2&Prime; _module_preset=\u00a0\u00bbdefault\u00a0\u00bb transform_rotate=\u00a0\u00bb0deg|180deg|0deg\u00a0\u00bb border_radii=\u00a0\u00bbon|8px|8px|8px|8px\u00a0\u00bb global_colors_info=\u00a0\u00bb{}\u00a0\u00bb][\/et_pb_image][et_pb_blurb title=\u00a0\u00bbZana Arifi\u00a0\u00bb _builder_version=\u00a0\u00bb4.24.2&Prime; _module_preset=\u00a0\u00bbdefault\u00a0\u00bb header_level=\u00a0\u00bbh3&Prime; header_line_height=\u00a0\u00bb1.2em\u00a0\u00bb custom_css_blurb_title=\u00a0\u00bbpadding-bottom: 5px;\u00a0\u00bb locked=\u00a0\u00bboff\u00a0\u00bb global_colors_info=\u00a0\u00bb{}\u00a0\u00bb]<\/p>\n<p>Actuaire<\/p>\n<p>[\/et_pb_blurb][et_pb_text _builder_version=\u00a0\u00bb4.24.2&Prime; _module_preset=\u00a0\u00bbdefault\u00a0\u00bb global_colors_info=\u00a0\u00bb{}\u00a0\u00bb]<\/p>\n<p>\u00abEnsemble, on est moins seul\u00bb<\/p>\n<p>[\/et_pb_text][et_pb_toggle title=\u00a0\u00bbplus d&#039;infos &#8230;\u00a0\u00bb open_toggle_background_color=\u00a0\u00bbRGBA(255,255,255,0)\u00a0\u00bb closed_toggle_background_color=\u00a0\u00bbRGBA(255,255,255,0)\u00a0\u00bb icon_color=\u00a0\u00bbRGBA(255,255,255,0)\u00a0\u00bb use_icon_font_size=\u00a0\u00bbon\u00a0\u00bb open_icon_color=\u00a0\u00bbRGBA(255,255,255,0)\u00a0\u00bb open_use_icon_font_size=\u00a0\u00bbon\u00a0\u00bb admin_label=\u00a0\u00bbUmschalter\u00a0\u00bb module_class=\u00a0\u00bbet-readmore-toggle\u00a0\u00bb _builder_version=\u00a0\u00bb4.24.2&Prime; _module_preset=\u00a0\u00bbdefault\u00a0\u00bb title_text_align=\u00a0\u00bbleft\u00a0\u00bb closed_title_text_align=\u00a0\u00bbleft\u00a0\u00bb custom_padding=\u00a0\u00bb0px|0px|0px|0px|true|true\u00a0\u00bb custom_css_main_element=\u00a0\u00bbdisplay:flex;||flex-direction: column;||align-items: flex-start;\u00a0\u00bb custom_css_toggle_title=\u00a0\u00bborder:2;||padding-right:25px !important;\u00a0\u00bb custom_css_toggle_content=\u00a0\u00bborder:1;||\u00a0\u00bb border_width_all=\u00a0\u00bb0px\u00a0\u00bb global_colors_info=\u00a0\u00bb{}\u00a0\u00bb]<\/p>\n<p>Ma famille et moi vivons \u00e0 Ostermundigen, Berne. Nous avons re\u00e7u le diagnostic de notre fils (2014) en 2019. Avec mon bagage multiculturel, je suis l\u00e0 pour accueillir les familles \u00ab fra\u00eechement diagnostiqu\u00e9es \u00bb dans diff\u00e9rentes langues. Nous essayons de g\u00e9rer notre quotidien avec autant d&rsquo;humour et de chaleur que possible. La communaut\u00e9 Duchenne unit, soutient, organise et est \u00e0 bien des \u00e9gards un soutien pour les personnes concern\u00e9es et leurs familles. C&rsquo;est un plaisir pour moi de faire partie du comit\u00e9.     <\/p>\n<p>[\/et_pb_toggle][et_pb_button button_url=\u00a0\u00bbmailto:dominik.jegen@duchenne-schweiz.ch\u00a0\u00bb url_new_window=\u00a0\u00bbon\u00a0\u00bb button_text=\u00a0\u00bbEnvoyer un mail\u00a0\u00bb disabled_on=\u00a0\u00bbon|on|on\u00a0\u00bb _builder_version=\u00a0\u00bb4.24.2&Prime; _dynamic_attributes=\u00a0\u00bbbutton_text\u00a0\u00bb _module_preset=\u00a0\u00bbdefault\u00a0\u00bb custom_margin_tablet=\u00a0\u00bb\u00a0\u00bb custom_margin_phone=\u00a0\u00bb-15px||15px||false|false\u00a0\u00bb custom_margin_last_edited=\u00a0\u00bbon|phone\u00a0\u00bb disabled=\u00a0\u00bbon\u00a0\u00bb global_colors_info=\u00a0\u00bb{}\u00a0\u00bb][\/et_pb_button][\/et_pb_column][et_pb_column type=\u00a0\u00bb1_5&Prime; module_class=\u00a0\u00bbflex-item\u00a0\u00bb _builder_version=\u00a0\u00bb4.21.0&Prime; _module_preset=\u00a0\u00bbdefault\u00a0\u00bb global_colors_info=\u00a0\u00bb{}\u00a0\u00bb][et_pb_image src=\u00a0\u00bbhttps:\/\/www.duchenne-schweiz.ch\/wp-content\/uploads\/2024\/03\/Oliver_Gruebner.jpg\u00a0\u00bb title_text=\u00a0\u00bbOliver_Gr\u00fcbner\u00a0\u00bb force_fullwidth=\u00a0\u00bbon\u00a0\u00bb module_class=\u00a0\u00bbsized-images square\u00a0\u00bb _builder_version=\u00a0\u00bb4.24.2&Prime; _module_preset=\u00a0\u00bbdefault\u00a0\u00bb transform_rotate=\u00a0\u00bb0deg|180deg|0deg\u00a0\u00bb border_radii=\u00a0\u00bbon|8px|8px|8px|8px\u00a0\u00bb global_colors_info=\u00a0\u00bb{}\u00a0\u00bb custom_css_main_element__hover_enabled=\u00a0\u00bboff|desktop\u00a0\u00bb][\/et_pb_image][et_pb_blurb title=\u00a0\u00bbOliver Gr\u00fcbner\u00a0\u00bb admin_label=\u00a0\u00bbInformationstext\u00a0\u00bb _builder_version=\u00a0\u00bb4.24.2&Prime; _module_preset=\u00a0\u00bbdefault\u00a0\u00bb header_level=\u00a0\u00bbh3&Prime; header_line_height=\u00a0\u00bb1.2em\u00a0\u00bb custom_css_blurb_title=\u00a0\u00bbpadding-bottom: 5px;\u00a0\u00bb global_colors_info=\u00a0\u00bb{}\u00a0\u00bb]<\/p>\n<p>Pr\u00e9sident<\/p>\n<p>[\/et_pb_blurb][et_pb_text _builder_version=\u00a0\u00bb4.27.4&Prime; _module_preset=\u00a0\u00bbdefault\u00a0\u00bb header_line_height=\u00a0\u00bb1.2em\u00a0\u00bb header_2_line_height=\u00a0\u00bb1.2em\u00a0\u00bb header_3_line_height=\u00a0\u00bb1.2em\u00a0\u00bb header_4_line_height=\u00a0\u00bb1.2em\u00a0\u00bb header_5_line_height=\u00a0\u00bb1.2em\u00a0\u00bb header_6_line_height=\u00a0\u00bb1.2em\u00a0\u00bb global_colors_info=\u00a0\u00bb{}\u00a0\u00bb]<\/p>\n<p><em>\u00abJe m&rsquo;engage pour l&rsquo;inclusion\u00bb<\/em><\/p>\n<p>[\/et_pb_text][et_pb_toggle title=\u00a0\u00bbplus d&#039;infos &#8230;\u00a0\u00bb open_toggle_background_color=\u00a0\u00bbRGBA(255,255,255,0)\u00a0\u00bb closed_toggle_background_color=\u00a0\u00bbRGBA(255,255,255,0)\u00a0\u00bb icon_color=\u00a0\u00bbRGBA(255,255,255,0)\u00a0\u00bb use_icon_font_size=\u00a0\u00bbon\u00a0\u00bb open_icon_color=\u00a0\u00bbRGBA(255,255,255,0)\u00a0\u00bb open_use_icon_font_size=\u00a0\u00bbon\u00a0\u00bb module_class=\u00a0\u00bbet-readmore-toggle\u00a0\u00bb _builder_version=\u00a0\u00bb4.27.4&Prime; _module_preset=\u00a0\u00bbdefault\u00a0\u00bb title_text_align=\u00a0\u00bbleft\u00a0\u00bb closed_title_text_align=\u00a0\u00bbleft\u00a0\u00bb custom_padding=\u00a0\u00bb0px|0px|0px|0px|true|true\u00a0\u00bb custom_css_main_element=\u00a0\u00bbdisplay:flex;||flex-direction: column;||align-items: flex-start;\u00a0\u00bb custom_css_toggle_title=\u00a0\u00bborder:2;||padding-right:25px !important;\u00a0\u00bb custom_css_toggle_content=\u00a0\u00bborder:1;||\u00a0\u00bb border_width_all=\u00a0\u00bb0px\u00a0\u00bb global_colors_info=\u00a0\u00bb{}\u00a0\u00bb]<\/p>\n<p>J&rsquo;enseigne et je fais de la recherche \u00e0 l&rsquo;Universit\u00e9 de Lucerne et je m&rsquo;engage politiquement et socialement pour les th\u00e8mes de l&rsquo;inclusion et de la durabilit\u00e9. Depuis le diagnostic de la maladie de Duchenne de notre fils en 2020, mes recherches et mon engagement social se concentrent de plus en plus sur les d\u00e9fis psychosociaux des personnes concern\u00e9es et des familles atteintes d&rsquo;une maladie neuromusculaire dans l&rsquo;enfance. Dans ce contexte, je trouve important de r\u00e9unir diff\u00e9rents acteurs. Je vis avec ma famille \u00e0 Dietikon, ZH.   <\/p>\n<p><em> <\/em><\/p>\n<p>[\/et_pb_toggle][et_pb_button button_url=\u00a0\u00bbmailto:franziska.anderegg@duchenne-schweiz.ch\u00a0\u00bb url_new_window=\u00a0\u00bbon\u00a0\u00bb button_text=\u00a0\u00bbEnvoyer un mail\u00a0\u00bb disabled_on=\u00a0\u00bbon|on|on\u00a0\u00bb _builder_version=\u00a0\u00bb4.24.2&Prime; _dynamic_attributes=\u00a0\u00bbbutton_text\u00a0\u00bb _module_preset=\u00a0\u00bbdefault\u00a0\u00bb custom_margin_tablet=\u00a0\u00bb\u00a0\u00bb custom_margin_phone=\u00a0\u00bb-15px||15px||false|false\u00a0\u00bb custom_margin_last_edited=\u00a0\u00bbon|phone\u00a0\u00bb disabled=\u00a0\u00bbon\u00a0\u00bb global_colors_info=\u00a0\u00bb{}\u00a0\u00bb][\/et_pb_button][et_pb_code _builder_version=\u00a0\u00bb4.24.2&Prime; _module_preset=\u00a0\u00bbdefault\u00a0\u00bb global_colors_info=\u00a0\u00bb{}\u00a0\u00bb]<script><!-- [et_pb_line_break_holder] -->(function($) {<!-- [et_pb_line_break_holder] -->    $(document).ready(function(){<!-- [et_pb_line_break_holder] -->        $('.et-readmore-toggle .et_pb_toggle_title').on('click', function(e) {<!-- [et_pb_line_break_holder] -->            if ($(e.target).closest('.et-readmore-toggle').hasClass('et_pb_toggle_open')) {<!-- [et_pb_line_break_holder] -->                $(this).text('mehr Infos \u2026');<!-- [et_pb_line_break_holder] -->            } else {<!-- [et_pb_line_break_holder] -->                $(this).text('weniger Infos \u2026');<!-- [et_pb_line_break_holder] -->            }<!-- [et_pb_line_break_holder] -->        });<!-- [et_pb_line_break_holder] -->    });<!-- [et_pb_line_break_holder] -->})(jQuery);<!-- [et_pb_line_break_holder] --><\/script>[\/et_pb_code][\/et_pb_column][et_pb_column type=\u00a0\u00bb1_5&Prime; module_class=\u00a0\u00bbflex-item\u00a0\u00bb _builder_version=\u00a0\u00bb4.21.0&Prime; _module_preset=\u00a0\u00bbdefault\u00a0\u00bb global_colors_info=\u00a0\u00bb{}\u00a0\u00bb][et_pb_image src=\u00a0\u00bbhttps:\/\/www.duchenne-schweiz.ch\/wp-content\/uploads\/2022\/11\/Martina.jpg\u00a0\u00bb title_text=\u00a0\u00bbMartina\u00a0\u00bb force_fullwidth=\u00a0\u00bbon\u00a0\u00bb module_class=\u00a0\u00bbsized-images square\u00a0\u00bb _builder_version=\u00a0\u00bb4.27.4&Prime; _module_preset=\u00a0\u00bbdefault\u00a0\u00bb transform_rotate=\u00a0\u00bb0deg|180deg|0deg\u00a0\u00bb border_radii=\u00a0\u00bbon|8px|8px|8px|8px\u00a0\u00bb global_colors_info=\u00a0\u00bb{}\u00a0\u00bb][\/et_pb_image][et_pb_blurb title=\u00a0\u00bbMartina H\u00fcper\u00a0\u00bb _builder_version=\u00a0\u00bb4.27.4&Prime; _module_preset=\u00a0\u00bbdefault\u00a0\u00bb header_level=\u00a0\u00bbh3&Prime; header_line_height=\u00a0\u00bb1.2em\u00a0\u00bb custom_css_blurb_title=\u00a0\u00bbpadding-bottom: 5px;\u00a0\u00bb locked=\u00a0\u00bboff\u00a0\u00bb global_colors_info=\u00a0\u00bb{}\u00a0\u00bb]<\/p>\n<p><span data-contrast=\"auto\" xml:lang=\"DE-CH\" lang=\"DE-CH\" class=\"TextRun SCXW98968855 BCX4\"><span class=\"NormalTextRun SpellingErrorV2Themed SpellingErrorHighlight SCXW98968855 BCX4\">Coach familial<\/span><\/span><\/p>\n<p>[\/et_pb_blurb][et_pb_text _builder_version=\u00a0\u00bb4.27.4&Prime; _module_preset=\u00a0\u00bbdefault\u00a0\u00bb global_colors_info=\u00a0\u00bb{}\u00a0\u00bb]<\/p>\n<p>\u00ab<span data-contrast=\"auto\" xml:lang=\"DE-CH\" lang=\"DE-CH\" class=\"TextRun SCXW227940743 BCX4\"><span class=\"NormalTextRun SCXW227940743 BCX4\">A l&rsquo;\u00e9poque, j&rsquo;aurais \u00e9t\u00e9 tr\u00e8s heureux de b\u00e9n\u00e9ficier d&rsquo;un coaching familial. C&rsquo;est pourquoi je m&rsquo;engage maintenant aupr\u00e8s de Duchenne Suisse. <\/span><\/span><span class=\"EOP SCXW227940743 BCX4\" data-ccp-props=\"{}\"> <\/span>\u00bb<\/p>\n<p>[\/et_pb_text][et_pb_toggle title=\u00a0\u00bbplus d&#039;infos &#8230;\u00a0\u00bb open_toggle_background_color=\u00a0\u00bbRGBA(255,255,255,0)\u00a0\u00bb closed_toggle_background_color=\u00a0\u00bbRGBA(255,255,255,0)\u00a0\u00bb icon_color=\u00a0\u00bbRGBA(255,255,255,0)\u00a0\u00bb use_icon_font_size=\u00a0\u00bbon\u00a0\u00bb open_icon_color=\u00a0\u00bbRGBA(255,255,255,0)\u00a0\u00bb open_use_icon_font_size=\u00a0\u00bbon\u00a0\u00bb admin_label=\u00a0\u00bbUmschalter\u00a0\u00bb module_class=\u00a0\u00bbet-readmore-toggle\u00a0\u00bb _builder_version=\u00a0\u00bb4.27.4&Prime; _module_preset=\u00a0\u00bbdefault\u00a0\u00bb title_text_align=\u00a0\u00bbleft\u00a0\u00bb closed_title_text_align=\u00a0\u00bbleft\u00a0\u00bb custom_padding=\u00a0\u00bb0px|0px|0px|0px|true|true\u00a0\u00bb custom_css_main_element=\u00a0\u00bbdisplay:flex;||flex-direction: column;||align-items: flex-start;\u00a0\u00bb custom_css_toggle_title=\u00a0\u00bborder:2;||padding-right:25px !important;\u00a0\u00bb custom_css_toggle_content=\u00a0\u00bborder:1;||\u00a0\u00bb border_width_all=\u00a0\u00bb0px\u00a0\u00bb global_colors_info=\u00a0\u00bb{}\u00a0\u00bb]<\/p>\n<p><span data-contrast=\"auto\">Je travaille comme \u00e9ducatrice sociale dans une \u00e9cole sp\u00e9cialis\u00e9e du canton de B\u00e2le-Campagne.<\/span><span data-ccp-props=\"{}\"><br \/><\/span><span data-contrast=\"auto\">J&rsquo;habite \u00e0 Binningen avec mon mari et notre fils cadet.<\/span><span data-ccp-props=\"{}\"><br \/><\/span><span data-contrast=\"auto\">Notre fils a\u00een\u00e9 (2000) vit \u00e0 Zurich et emm\u00e9nagera dans son propre appartement \u00e0 l&rsquo;automne 2025. Nous avons re\u00e7u le diagnostic en 2004. <\/span><\/p>\n<p>[\/et_pb_toggle][et_pb_button button_url=\u00a0\u00bbmailto:zana.arifi@duchenne-schweiz.ch\u00a0\u00bb url_new_window=\u00a0\u00bbon\u00a0\u00bb button_text=\u00a0\u00bbEnvoyer un mail\u00a0\u00bb disabled_on=\u00a0\u00bbon|on|on\u00a0\u00bb _builder_version=\u00a0\u00bb4.24.2&Prime; _module_preset=\u00a0\u00bbdefault\u00a0\u00bb disabled=\u00a0\u00bbon\u00a0\u00bb global_colors_info=\u00a0\u00bb{}\u00a0\u00bb][\/et_pb_button][\/et_pb_column][et_pb_column type=\u00a0\u00bb1_5&Prime; module_class=\u00a0\u00bbflex-item\u00a0\u00bb _builder_version=\u00a0\u00bb4.21.0&Prime; _module_preset=\u00a0\u00bbdefault\u00a0\u00bb global_colors_info=\u00a0\u00bb{}\u00a0\u00bb][et_pb_image src=\u00a0\u00bbhttps:\/\/www.duchenne-schweiz.ch\/wp-content\/uploads\/2022\/11\/Dominik.jpg\u00a0\u00bb title_text=\u00a0\u00bbDominik\u00a0\u00bb force_fullwidth=\u00a0\u00bbon\u00a0\u00bb module_class=\u00a0\u00bbsized-images square\u00a0\u00bb _builder_version=\u00a0\u00bb4.24.2&Prime; _module_preset=\u00a0\u00bbdefault\u00a0\u00bb transform_rotate=\u00a0\u00bb0deg|180deg|0deg\u00a0\u00bb border_radii=\u00a0\u00bbon|8px|8px|8px|8px\u00a0\u00bb global_colors_info=\u00a0\u00bb{}\u00a0\u00bb][\/et_pb_image][et_pb_blurb title=\u00a0\u00bbDominik Jegen\u00a0\u00bb admin_label=\u00a0\u00bbInformationstext\u00a0\u00bb _builder_version=\u00a0\u00bb4.24.2&Prime; _module_preset=\u00a0\u00bbdefault\u00a0\u00bb header_level=\u00a0\u00bbh3&Prime; header_line_height=\u00a0\u00bb1.2em\u00a0\u00bb custom_css_blurb_title=\u00a0\u00bbpadding-bottom: 5px;\u00a0\u00bb global_colors_info=\u00a0\u00bb{}\u00a0\u00bb]<\/p>\n<p>Collecte de fonds et Internet<\/p>\n<p>[\/et_pb_blurb][et_pb_text _builder_version=\u00a0\u00bb4.24.2&Prime; _module_preset=\u00a0\u00bbdefault\u00a0\u00bb header_line_height=\u00a0\u00bb1.2em\u00a0\u00bb header_2_line_height=\u00a0\u00bb1.2em\u00a0\u00bb header_3_line_height=\u00a0\u00bb1.2em\u00a0\u00bb header_4_line_height=\u00a0\u00bb1.2em\u00a0\u00bb header_5_line_height=\u00a0\u00bb1.2em\u00a0\u00bb header_6_line_height=\u00a0\u00bb1.2em\u00a0\u00bb global_colors_info=\u00a0\u00bb{}\u00a0\u00bb]<\/p>\n<p><em>\u00abJ&rsquo;organise le Run 4 Duchenne Boys et je m&rsquo;occupe du site web \u00bb<\/em><\/p>\n<p>[\/et_pb_text][et_pb_toggle title=\u00a0\u00bbplus d&#039;infos &#8230;\u00a0\u00bb open_toggle_background_color=\u00a0\u00bbRGBA(255,255,255,0)\u00a0\u00bb closed_toggle_background_color=\u00a0\u00bbRGBA(255,255,255,0)\u00a0\u00bb icon_color=\u00a0\u00bbRGBA(255,255,255,0)\u00a0\u00bb use_icon_font_size=\u00a0\u00bbon\u00a0\u00bb open_icon_color=\u00a0\u00bbRGBA(255,255,255,0)\u00a0\u00bb open_use_icon_font_size=\u00a0\u00bbon\u00a0\u00bb module_class=\u00a0\u00bbet-readmore-toggle\u00a0\u00bb _builder_version=\u00a0\u00bb4.24.2&Prime; _module_preset=\u00a0\u00bbdefault\u00a0\u00bb title_text_align=\u00a0\u00bbleft\u00a0\u00bb closed_title_text_align=\u00a0\u00bbleft\u00a0\u00bb custom_padding=\u00a0\u00bb0px|0px|0px|0px|true|true\u00a0\u00bb custom_css_main_element=\u00a0\u00bbdisplay:flex;||flex-direction: column;||align-items: flex-start;\u00a0\u00bb custom_css_toggle_title=\u00a0\u00bborder:2;||padding-right:25px !important;\u00a0\u00bb custom_css_toggle_content=\u00a0\u00bborder:1;||\u00a0\u00bb border_width_all=\u00a0\u00bb0px\u00a0\u00bb global_colors_info=\u00a0\u00bb{}\u00a0\u00bb]<\/p>\n<p>Je vis avec ma famille \u00e0 Oberkirch, au bord du lac de Sempach. Le diagnostic de la maladie de Duchenne a \u00e9t\u00e9 pos\u00e9 en 2014 chez Loris (n\u00e9 en 2010). Avec ma femme Sandra et Stella, nous menons une vie de famille riche en \u00e9v\u00e9nements. Pour r\u00e9aliser de nombreux r\u00eaves et aides, nous avons besoin du soutien de la soci\u00e9t\u00e9. C&rsquo;est pourquoi, depuis 2016, j&rsquo;organise avec deux autres &lsquo;Duchenne Runners&rsquo;, sous la forme d&rsquo;une course sponsoris\u00e9e, le Run 4 Duchenne Boys, gr\u00e2ce aux dons duquel des projets en faveur des personnes atteintes de myopathie peuvent \u00eatre r\u00e9alis\u00e9s.    <\/p>\n<p>[\/et_pb_toggle][et_pb_button button_url=\u00a0\u00bbmailto:zana.arifi@duchenne-schweiz.ch\u00a0\u00bb url_new_window=\u00a0\u00bbon\u00a0\u00bb button_text=\u00a0\u00bbEnvoyer un mail\u00a0\u00bb disabled_on=\u00a0\u00bbon|on|on\u00a0\u00bb _builder_version=\u00a0\u00bb4.24.2&Prime; _module_preset=\u00a0\u00bbdefault\u00a0\u00bb disabled=\u00a0\u00bbon\u00a0\u00bb global_colors_info=\u00a0\u00bb{}\u00a0\u00bb][\/et_pb_button][\/et_pb_column][\/et_pb_row][et_pb_row column_structure=\u00a0\u00bb1_2,1_2&Prime; _builder_version=\u00a0\u00bb4.20.2&Prime; _module_preset=\u00a0\u00bbdefault\u00a0\u00bb global_colors_info=\u00a0\u00bb{}\u00a0\u00bb][et_pb_column type=\u00a0\u00bb1_2&Prime; _builder_version=\u00a0\u00bb4.20.2&Prime; _module_preset=\u00a0\u00bbdefault\u00a0\u00bb global_colors_info=\u00a0\u00bb{}\u00a0\u00bb][et_pb_cta title=\u00a0\u00bbDevenir membre \u00a0\u00bb button_url=\u00a0\u00bb@ET-DC@eyJkeW5hbWljIjp0cnVlLCJjb250ZW50IjoicG9zdF9saW5rX3VybF9wYWdlIiwic2V0dGluZ3MiOnsicG9zdF9pZCI6IjEyNzAxIiwiZW5hYmxlX2h0bWwiOiJvZmYifX0=@\u00a0\u00bb url_new_window=\u00a0\u00bbon\u00a0\u00bb button_text=\u00a0\u00bbvers l&#039;inscription\u00a0\u00bb _builder_version=\u00a0\u00bb4.21.0&Prime; _dynamic_attributes=\u00a0\u00bbbutton_url\u00a0\u00bb _module_preset=\u00a0\u00bbdefault\u00a0\u00bb background_color=\u00a0\u00bb#6fadc5&Prime; link_option_url_new_window=\u00a0\u00bbon\u00a0\u00bb border_style_all=\u00a0\u00bbgroove\u00a0\u00bb global_colors_info=\u00a0\u00bb{}\u00a0\u00bb]<\/p>\n<p>En tant que membre, tu recevras automatiquement notre newsletter et des informations sur l&rsquo;environnement de la maladie de Duchenne.<br \/><span style=\"color: #99ccff;\"><a href=\"https:\/\/www.duchenne-schweiz.ch\/wp-content\/uploads\/2020\/07\/Statuten-Duchenne-Schweiz-30042018.pdf\" target=\"_blank\" rel=\"noopener\" style=\"color: #99ccff;\"><span style=\"color: #993300;\"><\/span><\/a><\/span><span style=\"color: #99ccff;\"><a href=\"https:\/\/www.duchenne-schweiz.ch\/wp-content\/uploads\/2020\/07\/Statuten-Duchenne-Schweiz-30042018.pdf\" target=\"_blank\" rel=\"noopener\" style=\"color: #99ccff;\"><span style=\"color: #993300;\">(Statuts)<\/span><\/a><\/span><\/p>\n<p>[\/et_pb_cta][\/et_pb_column][et_pb_column type=\u00a0\u00bb1_2&Prime; _builder_version=\u00a0\u00bb4.20.2&Prime; _module_preset=\u00a0\u00bbdefault\u00a0\u00bb global_colors_info=\u00a0\u00bb{}\u00a0\u00bb][et_pb_cta title=\u00a0\u00bbDevenez donateur\u00a0\u00bb button_url=\u00a0\u00bb@ET-DC@eyJkeW5hbWljIjp0cnVlLCJjb250ZW50IjoicG9zdF9saW5rX3VybF9wYWdlIiwic2V0dGluZ3MiOnsicG9zdF9pZCI6IjE2NjYiLCJlbmFibGVfaHRtbCI6Im9mZiJ9fQ==@\u00a0\u00bb url_new_window=\u00a0\u00bbon\u00a0\u00bb button_text=\u00a0\u00bbvers l&#039;inscription\u00a0\u00bb _builder_version=\u00a0\u00bb4.21.0&Prime; _dynamic_attributes=\u00a0\u00bbbutton_url\u00a0\u00bb _module_preset=\u00a0\u00bbdefault\u00a0\u00bb background_color=\u00a0\u00bb#6fadc5&Prime; link_option_url_new_window=\u00a0\u00bbon\u00a0\u00bb global_colors_info=\u00a0\u00bb{}\u00a0\u00bb]<\/p>\n<p>En tant que donateur, vous soutenez le travail de notre association avec un montant que vous d\u00e9terminez.<br \/><span style=\"color: #99ccff;\"><a href=\"https:\/\/www.duchenne-schweiz.ch\/wp-content\/uploads\/2020\/07\/Statuten-Duchenne-Schweiz-30042018.pdf\" target=\"_blank\" rel=\"noopener\" style=\"color: #99ccff;\"><span style=\"color: #993300;\">(Statuts)<\/span><\/a><\/span><\/p>\n<p>[\/et_pb_cta][\/et_pb_column][\/et_pb_row][\/et_pb_section]<\/p>\n","protected":false},"excerpt":{"rendered":"<p>Bienvenue \u00e0 tousNous sommes tous unis par le fait que nous avons des fils atteints de MD Duchenne. Nous sommes l\u00e0 pour vous! Pour vos peurs et vos soucis, pour vos demandes. M\u00eame si cela vous semble difficile, faites ce pas vers nous et prenez contact avec nous.Vous ne vous engagez pas et vous d\u00e9cidez [&hellip;]<\/p>\n","protected":false},"author":5,"featured_media":0,"parent":0,"menu_order":0,"comment_status":"closed","ping_status":"closed","template":"","meta":{"_et_pb_use_builder":"on","_et_pb_old_content":"","_et_gb_content_width":"","inline_featured_image":false,"footnotes":""},"class_list":["post-15722","page","type-page","status-publish","hentry"],"_links":{"self":[{"href":"https:\/\/www.duchenne-schweiz.ch\/fr\/wp-json\/wp\/v2\/pages\/15722","targetHints":{"allow":["GET"]}}],"collection":[{"href":"https:\/\/www.duchenne-schweiz.ch\/fr\/wp-json\/wp\/v2\/pages"}],"about":[{"href":"https:\/\/www.duchenne-schweiz.ch\/fr\/wp-json\/wp\/v2\/types\/page"}],"author":[{"embeddable":true,"href":"https:\/\/www.duchenne-schweiz.ch\/fr\/wp-json\/wp\/v2\/users\/5"}],"replies":[{"embeddable":true,"href":"https:\/\/www.duchenne-schweiz.ch\/fr\/wp-json\/wp\/v2\/comments?post=15722"}],"version-history":[{"count":2,"href":"https:\/\/www.duchenne-schweiz.ch\/fr\/wp-json\/wp\/v2\/pages\/15722\/revisions"}],"predecessor-version":[{"id":15724,"href":"https:\/\/www.duchenne-schweiz.ch\/fr\/wp-json\/wp\/v2\/pages\/15722\/revisions\/15724"}],"wp:attachment":[{"href":"https:\/\/www.duchenne-schweiz.ch\/fr\/wp-json\/wp\/v2\/media?parent=15722"}],"curies":[{"name":"wp","href":"https:\/\/api.w.org\/{rel}","templated":true}]}}