{"id":15617,"date":"2023-03-15T19:51:13","date_gmt":"2023-03-15T18:51:13","guid":{"rendered":"https:\/\/www.duchenne-schweiz.ch\/obtenir-du-soutien\/"},"modified":"2025-08-28T09:50:42","modified_gmt":"2025-08-28T08:50:42","slug":"obtenir-du-soutien","status":"publish","type":"page","link":"https:\/\/www.duchenne-schweiz.ch\/fr\/obtenir-du-soutien\/","title":{"rendered":"Obtenir du soutien"},"content":{"rendered":"<p>[et_pb_section fb_built=\u00a0\u00bb1&Prime; fullwidth=\u00a0\u00bbon\u00a0\u00bb next_background_color=\u00a0\u00bb#ffffff\u00a0\u00bb _builder_version=\u00a0\u00bb4.27.4&Prime; _module_preset=\u00a0\u00bbdefault\u00a0\u00bb background_image=\u00a0\u00bbhttps:\/\/www.duchenne-schweiz.ch\/wp-content\/uploads\/2022\/07\/blog-background.jpg\u00a0\u00bb parallax=\u00a0\u00bbon\u00a0\u00bb background_enable_mask_style=\u00a0\u00bbon\u00a0\u00bb background_mask_style=\u00a0\u00bbdiagonal-bars\u00a0\u00bb background_mask_color=\u00a0\u00bbrgba(255,255,255,0.49)\u00a0\u00bb background_mask_aspect_ratio=\u00a0\u00bbsquare\u00a0\u00bb height=\u00a0\u00bb250px\u00a0\u00bb custom_margin=\u00a0\u00bb-225px||||false|false\u00a0\u00bb bottom_divider_style=\u00a0\u00bbwave2&Prime; global_colors_info=\u00a0\u00bb{}\u00a0\u00bb][\/et_pb_section][et_pb_section fb_built=\u00a0\u00bb1&Prime; _builder_version=\u00a0\u00bb4.21.0&Prime; _module_preset=\u00a0\u00bbdefault\u00a0\u00bb custom_margin=\u00a0\u00bb0px|0px|0px|0px|false|false\u00a0\u00bb custom_padding=\u00a0\u00bb0px|0px|0px|0px|false|false\u00a0\u00bb locked=\u00a0\u00bboff\u00a0\u00bb global_colors_info=\u00a0\u00bb{}\u00a0\u00bb][et_pb_row admin_label=\u00a0\u00bb<br \/>Titre\u00a0\u00bb _builder_version=\u00a0\u00bb4.21.0&Prime; _module_preset=\u00a0\u00bbdefault\u00a0\u00bb custom_padding=\u00a0\u00bb||0px||false|false\u00a0\u00bb global_colors_info=\u00a0\u00bb{}\u00a0\u00bb][et_pb_column type=\u00a0\u00bb4_4&Prime; _builder_version=\u00a0\u00bb4.20.2&Prime; _module_preset=\u00a0\u00bbdefault\u00a0\u00bb global_colors_info=\u00a0\u00bb{}\u00a0\u00bb][et_pb_text _builder_version=\u00a0\u00bb4.21.0&Prime; _module_preset=\u00a0\u00bbdefault\u00a0\u00bb header_line_height=\u00a0\u00bb1.3em\u00a0\u00bb global_colors_info=\u00a0\u00bb{}\u00a0\u00bb]<\/p>\n<h1>Comment pouvons-nous te soutenir ?<\/h1>\n<p>[\/et_pb_text][et_pb_text _builder_version=\u00a0\u00bb4.21.0&Prime; _module_preset=\u00a0\u00bbdefault\u00a0\u00bb custom_padding=\u00a0\u00bb0px|||||\u00a0\u00bb global_colors_info=\u00a0\u00bb{}\u00a0\u00bb]Vous avez des questions et vous cherchez des r\u00e9ponses ? Nous vous recommandons vivement les interlocuteurs suivants.[\/et_pb_text][\/et_pb_column][\/et_pb_row][\/et_pb_section][et_pb_section fb_built=\u00a0\u00bb1&Prime; admin_label=\u00a0\u00bbRaster-Layout\u00a0\u00bb module_class=\u00a0\u00bbflex-continer\u00a0\u00bb _builder_version=\u00a0\u00bb4.21.0&Prime; _module_preset=\u00a0\u00bbdefault\u00a0\u00bb custom_padding=\u00a0\u00bb||0px||false|false\u00a0\u00bb locked=\u00a0\u00bboff\u00a0\u00bb global_colors_info=\u00a0\u00bb{}\u00a0\u00bb][et_pb_row column_structure=\u00a0\u00bb1_3,1_3,1_3&Prime; admin_label=\u00a0\u00bbLigne 1&Prime; module_class=\u00a0\u00bbflex-container\u00a0\u00bb _builder_version=\u00a0\u00bb4.21.0&Prime; _module_preset=\u00a0\u00bbdefault\u00a0\u00bb global_colors_info=\u00a0\u00bb{}\u00a0\u00bb][et_pb_column type=\u00a0\u00bb1_3&Prime; module_class=\u00a0\u00bbflex-item\u00a0\u00bb _builder_version=\u00a0\u00bb4.21.0&Prime; _module_preset=\u00a0\u00bbdefault\u00a0\u00bb global_colors_info=\u00a0\u00bb{}\u00a0\u00bb][et_pb_blurb title=\u00a0\u00bbNos groupes d&rsquo;entraide\u00a0\u00bb _builder_version=\u00a0\u00bb4.27.4&Prime; _module_preset=\u00a0\u00bbdefault\u00a0\u00bb header_level=\u00a0\u00bbh2&Prime; header_line_height=\u00a0\u00bb1.2em\u00a0\u00bb custom_css_blurb_title=\u00a0\u00bbpadding-bottom: 5px;\u00a0\u00bb global_colors_info=\u00a0\u00bb{}\u00a0\u00bb][\/et_pb_blurb][et_pb_blurb _builder_version=\u00a0\u00bb4.27.4&Prime; _module_preset=\u00a0\u00bbdefault\u00a0\u00bb header_level=\u00a0\u00bbh3&Prime; header_line_height=\u00a0\u00bb1.2em\u00a0\u00bb custom_css_blurb_title=\u00a0\u00bbpadding-bottom: 5px;\u00a0\u00bb global_colors_info=\u00a0\u00bb{}\u00a0\u00bb][\/et_pb_blurb][et_pb_blurb title=\u00a0\u00bbZana Arifi\u00a0\u00bb image=\u00a0\u00bbhttps:\/\/www.duchenne-schweiz.ch\/wp-content\/uploads\/2025\/05\/gluckliches-paar-das-die-schwangerschaft-uber-einen-videoanruf-ankundigt-scaled.jpg\u00a0\u00bb alt=\u00a0\u00bb<a href=%22https:\/\/de.freepik.com\/fotos-kostenlos\/glueckliches-paar-das-die-schwangerschaft-ueber-einen-videoanruf-ankuendigt_38047630.htm#fromView=search&#038;page=1&#038;position=16&#038;uuid=97330e46-6995-46f1-a128-79eda2912915&#038;query=online+famiy+coaching%22>Bild von freepik<\/a>\u00a0\u00bb _builder_version=\u00a0\u00bb4.27.4&Prime; _module_preset=\u00a0\u00bbdefault\u00a0\u00bb global_colors_info=\u00a0\u00bb{}\u00a0\u00bb]<\/p>\n<p>M\u00e8re de Leart<\/p>\n<p>[\/et_pb_blurb][et_pb_text _builder_version=\u00a0\u00bb4.27.4&Prime; _module_preset=\u00a0\u00bbdefault\u00a0\u00bb global_colors_info=\u00a0\u00bb{}\u00a0\u00bb]<\/p>\n<p class=\"p1\">Dans nos trois groupes d&rsquo;entraide, les m\u00e8res, les p\u00e8res et les jeunes concern\u00e9s par la maladie de Duchenne trouvent un espace prot\u00e9g\u00e9 pour \u00e9changer avec des personnes partageant les m\u00eames id\u00e9es.<\/p>\n<p class=\"p3\"><b>Groupe de mamans Duchenne <\/b><br \/>Tamara Radzinski, maman de Fabrizio,<br \/>Daniela Duverg\u00e9, maman de Jamie, Neyo<b><br \/><\/b><b><\/b><\/p>\n<p class=\"p3\">Ici, les m\u00e8res \u00e9changent sur tout ce qui les touche au quotidien &#8211; des conseils utiles sur les moyens auxiliaires, la planification des vacances ou les questions d&rsquo;organisation aux exp\u00e9riences et soucis personnels. Tout ce qui vous pr\u00e9occupe y trouve sa place. <\/p>\n<p class=\"p3\"><b>Groupe de papas Duchenne<\/b><br \/>Sergio Radzinski, p\u00e8re de Fabrizio<\/p>\n<p><b><\/b>Les p\u00e8res abordent souvent des sujets pratiques et techniques tels que les transformations, les v\u00e9hicules ou les aides d&rsquo;assistance. En m\u00eame temps, le groupe offre aussi un espace pour les aspects \u00e9motionnels &#8211; car le diagnostic de son propre enfant nous touche profond\u00e9ment. <\/p>\n<p class=\"p3\"><b>Groupe de Duchenne-Boys<br \/><\/b>Timon Schneider, Jonathan Dennler<b><strong><br \/><\/strong><\/b><\/p>\n<p class=\"p3\"><b><\/b><b><\/b>Les jeunes atteints de la maladie de Duchenne peuvent ici se mettre en r\u00e9seau avec d&rsquo;autres personnes concern\u00e9es et parler de sujets tels que la vie avec des assistantes, le d\u00e9part du domicile parental ou le quotidien avec des moyens auxiliaires. L&rsquo;\u00e9change renforce, motive &#8211; et donne du courage. <\/p>\n<p class=\"p1\">Gr\u00e2ce au g\u00e9n\u00e9reux soutien de l&rsquo;Association suisse contre les myopathies (<a href=\"https:\/\/muskelgesellschaft.ch\">Schweizerischen Muskelgesellschaft)<\/a>, nous pouvons en outre organiser chaque ann\u00e9e des \u00e9v\u00e9nements sp\u00e9ciaux pour les groupes &#8211; un grand merci!<\/p>\n<p>[\/et_pb_text][et_pb_button button_url=\u00a0\u00bbmailto:nachricht@duchenne-schweiz.ch\u00a0\u00bb url_new_window=\u00a0\u00bbon\u00a0\u00bb button_text=\u00a0\u00bbEnvoyez-nous un e-mail\u00a0\u00bb disabled_on=\u00a0\u00bboff|off|off\u00a0\u00bb _builder_version=\u00a0\u00bb4.27.4&Prime; _module_preset=\u00a0\u00bbdefault\u00a0\u00bb custom_margin_tablet=\u00a0\u00bb\u00a0\u00bb custom_margin_phone=\u00a0\u00bb-15px||15px||false|false\u00a0\u00bb custom_margin_last_edited=\u00a0\u00bbon|phone\u00a0\u00bb global_colors_info=\u00a0\u00bb{}\u00a0\u00bb][\/et_pb_button][\/et_pb_column][et_pb_column type=\u00a0\u00bb1_3&Prime; module_class=\u00a0\u00bbflex-item\u00a0\u00bb admin_label=\u00a0\u00bbSpalte\u00a0\u00bb _builder_version=\u00a0\u00bb4.21.0&Prime; _module_preset=\u00a0\u00bbdefault\u00a0\u00bb global_colors_info=\u00a0\u00bb{}\u00a0\u00bb][et_pb_blurb title=\u00a0\u00bbOffre Peer to Peer\u00a0\u00bb _builder_version=\u00a0\u00bb4.27.4&Prime; _module_preset=\u00a0\u00bbdefault\u00a0\u00bb header_level=\u00a0\u00bbh2&Prime; header_line_height=\u00a0\u00bb1.2em\u00a0\u00bb custom_css_blurb_title=\u00a0\u00bbpadding-bottom: 5px;\u00a0\u00bb locked=\u00a0\u00bboff\u00a0\u00bb global_colors_info=\u00a0\u00bb{}\u00a0\u00bb][\/et_pb_blurb][et_pb_blurb title=\u00a0\u00bbZana Arifi\u00a0\u00bb image=\u00a0\u00bbhttps:\/\/www.duchenne-schweiz.ch\/wp-content\/uploads\/2025\/05\/spiritueller-junger-mann-und-frau-die-zuhause-yoga-praktizieren-scaled.jpg\u00a0\u00bb _builder_version=\u00a0\u00bb4.27.4&Prime; _module_preset=\u00a0\u00bbdefault\u00a0\u00bb global_colors_info=\u00a0\u00bb{}\u00a0\u00bb]<\/p>\n<p>M\u00e8re de Leart<\/p>\n<p>[\/et_pb_blurb][et_pb_text _builder_version=\u00a0\u00bb4.27.4&Prime; _module_preset=\u00a0\u00bbdefault\u00a0\u00bb global_colors_info=\u00a0\u00bb{}\u00a0\u00bb]<\/p>\n<p>Dans des situations de vie difficiles, une discussion ouverte avec quelqu&rsquo;un qui a v\u00e9cu une exp\u00e9rience similaire peut \u00eatre particuli\u00e8rement pr\u00e9cieuse. Notre offre peer-to-peer permet l&rsquo;\u00e9change entre les personnes concern\u00e9es &#8211; au niveau r\u00e9gional, personnel et d&rsquo;\u00e9gal \u00e0 \u00e9gal. Que ce soit pour des questions, des conseils ou simplement pour \u00e9couter: Nos accompagnateurs et accompagnatrices par les pairs sont \u00e0 vos c\u00f4t\u00e9s.  <\/p>\n<p>[\/et_pb_text][et_pb_button button_url=\u00a0\u00bbmailto:nachricht@duchenne-schweiz.ch\u00a0\u00bb url_new_window=\u00a0\u00bbon\u00a0\u00bb button_text=\u00a0\u00bbEnvoyez-nous un e-mail\u00a0\u00bb disabled_on=\u00a0\u00bboff|off|off\u00a0\u00bb _builder_version=\u00a0\u00bb4.27.4&Prime; _dynamic_attributes=\u00a0\u00bbbutton_text\u00a0\u00bb _module_preset=\u00a0\u00bbdefault\u00a0\u00bb custom_margin_tablet=\u00a0\u00bb\u00a0\u00bb custom_margin_phone=\u00a0\u00bb-15px||15px||false|false\u00a0\u00bb custom_margin_last_edited=\u00a0\u00bbon|phone\u00a0\u00bb global_colors_info=\u00a0\u00bb{}\u00a0\u00bb][\/et_pb_button][\/et_pb_column][et_pb_column type=\u00a0\u00bb1_3&Prime; module_class=\u00a0\u00bbflex-item\u00a0\u00bb _builder_version=\u00a0\u00bb4.21.0&Prime; _module_preset=\u00a0\u00bbdefault\u00a0\u00bb global_colors_info=\u00a0\u00bb{}\u00a0\u00bb][et_pb_blurb title=\u00a0\u00bbCoaching familial\u00a0\u00bb _builder_version=\u00a0\u00bb4.27.4&Prime; _module_preset=\u00a0\u00bbdefault\u00a0\u00bb header_level=\u00a0\u00bbh2&Prime; header_line_height=\u00a0\u00bb1.2em\u00a0\u00bb custom_css_blurb_title=\u00a0\u00bbpadding-bottom: 5px;\u00a0\u00bb locked=\u00a0\u00bboff\u00a0\u00bb global_colors_info=\u00a0\u00bb{}\u00a0\u00bb][\/et_pb_blurb][et_pb_blurb title=\u00a0\u00bbMartina H\u00fcper\u00a0\u00bb image_icon_background_color=\u00a0\u00bbRGBA(255,255,255,0)\u00a0\u00bb image=\u00a0\u00bbhttps:\/\/www.duchenne-schweiz.ch\/wp-content\/uploads\/2025\/08\/Flyer_familienCoaching_webScreen_Familie.png\u00a0\u00bb _builder_version=\u00a0\u00bb4.27.4&Prime; _module_preset=\u00a0\u00bbdefault\u00a0\u00bb hover_enabled=\u00a0\u00bb0&Prime; global_colors_info=\u00a0\u00bb{}\u00a0\u00bb link_option_url=\u00a0\u00bbhttps:\/\/www.duchenne-schweiz.ch\/wp-content\/uploads\/2025\/08\/Flyer_FamilienCoaching_FR.pdf\u00a0\u00bb sticky_enabled=\u00a0\u00bb0&Prime;]<\/p>\n<p>Sozialp\u00e4dagogiEducatrice sociale, m\u00e8re de Ben<\/p>\n<p>[\/et_pb_blurb][et_pb_text _builder_version=\u00a0\u00bb4.21.0&Prime; _module_preset=\u00a0\u00bbdefault\u00a0\u00bb global_colors_info=\u00a0\u00bb{}\u00a0\u00bb]<\/p>\n<p><span>UnseNotre programme de coaching familial vous soutient par un suivi psychoth\u00e9rapeutique de groupe, en ligne et gratuit. Nous offrons, avec d&rsquo;autres parents concern\u00e9s, une plateforme s\u00fbre pour l&rsquo;\u00e9change mutuel et pour d\u00e9velopper des strat\u00e9gies d&rsquo;adaptation pour faire face aux d\u00e9fis physiques, \u00e9motionnels et sociaux. <\/span><\/p>\n<p>[\/et_pb_text][et_pb_button button_url=\u00a0\u00bbmailto:nachricht@duchenne-schweiz.ch\u00a0\u00bb url_new_window=\u00a0\u00bbon\u00a0\u00bb button_text=\u00a0\u00bbEnvoyez-nous un e-mail\u00a0\u00bb disabled_on=\u00a0\u00bboff|off|off\u00a0\u00bb _builder_version=\u00a0\u00bb4.27.4&Prime; _dynamic_attributes=\u00a0\u00bbbutton_text\u00a0\u00bb _module_preset=\u00a0\u00bbdefault\u00a0\u00bb custom_margin_tablet=\u00a0\u00bb\u00a0\u00bb custom_margin_phone=\u00a0\u00bb-15px||15px||false|false\u00a0\u00bb custom_margin_last_edited=\u00a0\u00bbon|phone\u00a0\u00bb global_colors_info=\u00a0\u00bb{}\u00a0\u00bb][\/et_pb_button][\/et_pb_column][\/et_pb_row][\/et_pb_section][et_pb_section fb_built=\u00a0\u00bb1&Prime; admin_label=\u00a0\u00bbsection\u00a0\u00bb _builder_version=\u00a0\u00bb4.21.0&Prime; custom_padding=\u00a0\u00bb42px||0px||false|false\u00a0\u00bb global_colors_info=\u00a0\u00bb{}\u00a0\u00bb][et_pb_row _builder_version=\u00a0\u00bb4.20.2&Prime; _module_preset=\u00a0\u00bbdefault\u00a0\u00bb custom_padding=\u00a0\u00bb17px||0px|||\u00a0\u00bb global_colors_info=\u00a0\u00bb{}\u00a0\u00bb][et_pb_column type=\u00a0\u00bb4_4&Prime; _builder_version=\u00a0\u00bb4.20.2&Prime; _module_preset=\u00a0\u00bbdefault\u00a0\u00bb global_colors_info=\u00a0\u00bb{}\u00a0\u00bb][et_pb_text _builder_version=\u00a0\u00bb4.21.0&Prime; _module_preset=\u00a0\u00bbdefault\u00a0\u00bb header_2_font_size=\u00a0\u00bb32px\u00a0\u00bb global_colors_info=\u00a0\u00bb{}\u00a0\u00bb]<\/p>\n<h2>Assistance juridique<\/h2>\n<p>[\/et_pb_text][\/et_pb_column][\/et_pb_row][et_pb_row column_structure=\u00a0\u00bb1_4,1_4,1_4,1_4&Prime; admin_label=\u00a0\u00bbLigne 1&Prime; module_class=\u00a0\u00bbflex-container\u00a0\u00bb _builder_version=\u00a0\u00bb4.21.0&Prime; _module_preset=\u00a0\u00bbdefault\u00a0\u00bb global_colors_info=\u00a0\u00bb{}\u00a0\u00bb][et_pb_column type=\u00a0\u00bb1_4&Prime; module_class=\u00a0\u00bbflex-item\u00a0\u00bb _builder_version=\u00a0\u00bb4.21.0&Prime; _module_preset=\u00a0\u00bbdefault\u00a0\u00bb global_colors_info=\u00a0\u00bb{}\u00a0\u00bb][et_pb_image src=\u00a0\u00bbhttps:\/\/www.duchenne-schweiz.ch\/wp-content\/uploads\/2023\/05\/procap-logo.png\u00a0\u00bb title_text=\u00a0\u00bbprocap-logo\u00a0\u00bb force_fullwidth=\u00a0\u00bbon\u00a0\u00bb module_class=\u00a0\u00bbsized-images square\u00a0\u00bb _builder_version=\u00a0\u00bb4.21.0&Prime; _module_preset=\u00a0\u00bbdefault\u00a0\u00bb border_radii=\u00a0\u00bbon|8px|8px|8px|8px\u00a0\u00bb global_colors_info=\u00a0\u00bb{}\u00a0\u00bb custom_css_main_element__hover_enabled=\u00a0\u00bboff|desktop\u00a0\u00bb][\/et_pb_image][et_pb_blurb title=\u00a0\u00bbProcap Schweiz\u00a0\u00bb _builder_version=\u00a0\u00bb4.21.0&Prime; _module_preset=\u00a0\u00bbdefault\u00a0\u00bb header_level=\u00a0\u00bbh3&Prime; header_line_height=\u00a0\u00bb1.2em\u00a0\u00bb custom_css_blurb_title=\u00a0\u00bbpadding-bottom: 5px;\u00a0\u00bb global_colors_info=\u00a0\u00bb{}\u00a0\u00bb]<\/p>\n<p>Service juridique<\/p>\n<p>[\/et_pb_blurb][et_pb_text _builder_version=\u00a0\u00bb4.21.0&Prime; _module_preset=\u00a0\u00bbdefault\u00a0\u00bb locked=\u00a0\u00bboff\u00a0\u00bb global_colors_info=\u00a0\u00bb{}\u00a0\u00bb]<\/p>\n<p>Le service juridique de Procap a d\u00e9j\u00e0 n\u00e9goci\u00e9 avec succ\u00e8s de nombreux cas juridiques. Une br\u00e8ve premi\u00e8re consultation est gratuite. Pour faire appel \u00e0 ce service juridique complet afin d&rsquo;entamer une proc\u00e9dure judiciaire, il faut \u00eatre membre de Procap depuis au moins un an.  <\/p>\n<p>[\/et_pb_text][et_pb_button button_url=\u00a0\u00bbhttps:\/\/www.procap.ch\/\u00a0\u00bb url_new_window=\u00a0\u00bbon\u00a0\u00bb button_text=\u00a0\u00bbsur Procap\u00a0\u00bb _builder_version=\u00a0\u00bb4.21.0&Prime; _dynamic_attributes=\u00a0\u00bbbutton_text\u00a0\u00bb _module_preset=\u00a0\u00bbdefault\u00a0\u00bb custom_margin_tablet=\u00a0\u00bb\u00a0\u00bb custom_margin_phone=\u00a0\u00bb-15px||15px||false|false\u00a0\u00bb custom_margin_last_edited=\u00a0\u00bbon|phone\u00a0\u00bb global_colors_info=\u00a0\u00bb{}\u00a0\u00bb][\/et_pb_button][\/et_pb_column][et_pb_column type=\u00a0\u00bb1_4&Prime; module_class=\u00a0\u00bbflex-item\u00a0\u00bb admin_label=\u00a0\u00bbSpalte\u00a0\u00bb _builder_version=\u00a0\u00bb4.21.0&Prime; _module_preset=\u00a0\u00bbdefault\u00a0\u00bb global_colors_info=\u00a0\u00bb{}\u00a0\u00bb][\/et_pb_column][et_pb_column type=\u00a0\u00bb1_4&Prime; module_class=\u00a0\u00bbflex-item\u00a0\u00bb _builder_version=\u00a0\u00bb4.21.0&Prime; _module_preset=\u00a0\u00bbdefault\u00a0\u00bb global_colors_info=\u00a0\u00bb{}\u00a0\u00bb][\/et_pb_column][et_pb_column type=\u00a0\u00bb1_4&Prime; module_class=\u00a0\u00bbflex-item\u00a0\u00bb _builder_version=\u00a0\u00bb4.21.0&Prime; _module_preset=\u00a0\u00bbdefault\u00a0\u00bb global_colors_info=\u00a0\u00bb{}\u00a0\u00bb][\/et_pb_column][\/et_pb_row][et_pb_row column_structure=\u00a0\u00bb1_4,1_4,1_4,1_4&Prime; disabled_on=\u00a0\u00bbon|on|on\u00a0\u00bb admin_label=\u00a0\u00bbLigne 1&Prime; module_class=\u00a0\u00bbflex-container\u00a0\u00bb _builder_version=\u00a0\u00bb4.21.0&Prime; _module_preset=\u00a0\u00bbdefault\u00a0\u00bb disabled=\u00a0\u00bbon\u00a0\u00bb global_colors_info=\u00a0\u00bb{}\u00a0\u00bb][et_pb_column type=\u00a0\u00bb1_4&Prime; module_class=\u00a0\u00bbflex-item\u00a0\u00bb _builder_version=\u00a0\u00bb4.21.0&Prime; _module_preset=\u00a0\u00bbdefault\u00a0\u00bb global_colors_info=\u00a0\u00bb{}\u00a0\u00bb][et_pb_image src=\u00a0\u00bbhttps:\/\/www.duchenne-schweiz.ch\/wp-content\/uploads\/2022\/11\/Robert.jpg\u00a0\u00bb title_text=\u00a0\u00bbRobert\u00a0\u00bb force_fullwidth=\u00a0\u00bbon\u00a0\u00bb module_class=\u00a0\u00bbsized-images square\u00a0\u00bb _builder_version=\u00a0\u00bb4.21.0&Prime; _module_preset=\u00a0\u00bbdefault\u00a0\u00bb border_radii=\u00a0\u00bbon|8px|8px|8px|8px\u00a0\u00bb global_colors_info=\u00a0\u00bb{}\u00a0\u00bb][\/et_pb_image][et_pb_blurb title=\u00a0\u00bbDuchenne Suisse\u00a0\u00bb _builder_version=\u00a0\u00bb4.21.0&Prime; _module_preset=\u00a0\u00bbdefault\u00a0\u00bb header_level=\u00a0\u00bbh3&Prime; header_line_height=\u00a0\u00bb1.2em\u00a0\u00bb custom_css_blurb_title=\u00a0\u00bbpadding-bottom: 5px;\u00a0\u00bb global_colors_info=\u00a0\u00bb{}\u00a0\u00bb]<\/p>\n<p>Robert von Rosen<\/p>\n<p>[\/et_pb_blurb][et_pb_text _builder_version=\u00a0\u00bb4.21.0&Prime; _module_preset=\u00a0\u00bbdefault\u00a0\u00bb global_colors_info=\u00a0\u00bb{}\u00a0\u00bb]<\/p>\n<p>Tu as une question juridique fondamentale et tu ne sais peut-\u00eatre pas si cela vaut la peine de te battre ? Robert, membre de notre comit\u00e9, se tient \u00e0 ta disposition pour r\u00e9pondre \u00e0 tes questions. <\/p>\n<p>[\/et_pb_text][et_pb_button button_url=\u00a0\u00bbmailto:nachricht@duchenne-schweiz.ch\u00a0\u00bb button_text=\u00a0\u00bbEnvoyez-nous un e-mail\u00a0\u00bb _builder_version=\u00a0\u00bb4.21.0&Prime; _module_preset=\u00a0\u00bbdefault\u00a0\u00bb custom_margin_tablet=\u00a0\u00bb\u00a0\u00bb custom_margin_phone=\u00a0\u00bb-15px||15px||false|false\u00a0\u00bb custom_margin_last_edited=\u00a0\u00bbon|phone\u00a0\u00bb global_colors_info=\u00a0\u00bb{}\u00a0\u00bb][\/et_pb_button][\/et_pb_column][et_pb_column type=\u00a0\u00bb1_4&Prime; module_class=\u00a0\u00bbflex-item\u00a0\u00bb admin_label=\u00a0\u00bbSpalte\u00a0\u00bb _builder_version=\u00a0\u00bb4.21.0&Prime; _module_preset=\u00a0\u00bbdefault\u00a0\u00bb global_colors_info=\u00a0\u00bb{}\u00a0\u00bb][et_pb_image src=\u00a0\u00bbhttps:\/\/www.duchenne-schweiz.ch\/wp-content\/uploads\/2023\/05\/procap-logo.png\u00a0\u00bb title_text=\u00a0\u00bbprocap-logo\u00a0\u00bb force_fullwidth=\u00a0\u00bbon\u00a0\u00bb module_class=\u00a0\u00bbsized-images square\u00a0\u00bb _builder_version=\u00a0\u00bb4.21.0&Prime; _module_preset=\u00a0\u00bbdefault\u00a0\u00bb border_radii=\u00a0\u00bbon|8px|8px|8px|8px\u00a0\u00bb global_colors_info=\u00a0\u00bb{}\u00a0\u00bb custom_css_main_element__hover_enabled=\u00a0\u00bboff|desktop\u00a0\u00bb][\/et_pb_image][et_pb_blurb title=\u00a0\u00bbProcap Schweiz\u00a0\u00bb _builder_version=\u00a0\u00bb4.21.0&Prime; _module_preset=\u00a0\u00bbdefault\u00a0\u00bb header_level=\u00a0\u00bbh3&Prime; header_line_height=\u00a0\u00bb1.2em\u00a0\u00bb custom_css_blurb_title=\u00a0\u00bbpadding-bottom: 5px;\u00a0\u00bb global_colors_info=\u00a0\u00bb{}\u00a0\u00bb]<\/p>\n<p>Service juridique<\/p>\n<p>[\/et_pb_blurb][et_pb_text _builder_version=\u00a0\u00bb4.21.0&Prime; _module_preset=\u00a0\u00bbdefault\u00a0\u00bb locked=\u00a0\u00bboff\u00a0\u00bb global_colors_info=\u00a0\u00bb{}\u00a0\u00bb]<\/p>\n<p>Le service juridique de Procap a d\u00e9j\u00e0 n\u00e9goci\u00e9 avec succ\u00e8s de nombreux cas juridiques. Une br\u00e8ve premi\u00e8re consultation est gratuite. Pour faire appel \u00e0 ce service juridique complet afin d&rsquo;entamer une proc\u00e9dure judiciaire, il faut \u00eatre membre de Procap depuis au moins un an.  <\/p>\n<p>[\/et_pb_text][et_pb_button button_url=\u00a0\u00bbhttps:\/\/www.procap.ch\/\u00a0\u00bb url_new_window=\u00a0\u00bbon\u00a0\u00bb button_text=\u00a0\u00bbsur Procap\u00a0\u00bb _builder_version=\u00a0\u00bb4.21.0&Prime; _dynamic_attributes=\u00a0\u00bbbutton_text\u00a0\u00bb _module_preset=\u00a0\u00bbdefault\u00a0\u00bb custom_margin_tablet=\u00a0\u00bb\u00a0\u00bb custom_margin_phone=\u00a0\u00bb-15px||15px||false|false\u00a0\u00bb custom_margin_last_edited=\u00a0\u00bbon|phone\u00a0\u00bb global_colors_info=\u00a0\u00bb{}\u00a0\u00bb][\/et_pb_button][\/et_pb_column][et_pb_column type=\u00a0\u00bb1_4&Prime; module_class=\u00a0\u00bbflex-item\u00a0\u00bb _builder_version=\u00a0\u00bb4.21.0&Prime; _module_preset=\u00a0\u00bbdefault\u00a0\u00bb global_colors_info=\u00a0\u00bb{}\u00a0\u00bb][\/et_pb_column][et_pb_column type=\u00a0\u00bb1_4&Prime; module_class=\u00a0\u00bbflex-item\u00a0\u00bb _builder_version=\u00a0\u00bb4.21.0&Prime; _module_preset=\u00a0\u00bbdefault\u00a0\u00bb global_colors_info=\u00a0\u00bb{}\u00a0\u00bb][\/et_pb_column][\/et_pb_row][\/et_pb_section][et_pb_section fb_built=\u00a0\u00bb1&Prime; _builder_version=\u00a0\u00bb4.21.0&Prime; _module_preset=\u00a0\u00bbdefault\u00a0\u00bb global_colors_info=\u00a0\u00bb{}\u00a0\u00bb][et_pb_row _builder_version=\u00a0\u00bb4.20.2&Prime; _module_preset=\u00a0\u00bbdefault\u00a0\u00bb custom_padding=\u00a0\u00bb17px||0px|||\u00a0\u00bb global_colors_info=\u00a0\u00bb{}\u00a0\u00bb][et_pb_column type=\u00a0\u00bb4_4&Prime; _builder_version=\u00a0\u00bb4.20.2&Prime; _module_preset=\u00a0\u00bbdefault\u00a0\u00bb global_colors_info=\u00a0\u00bb{}\u00a0\u00bb][et_pb_text _builder_version=\u00a0\u00bb4.21.0&Prime; _module_preset=\u00a0\u00bbdefault\u00a0\u00bb header_2_font_size=\u00a0\u00bb32px\u00a0\u00bb global_colors_info=\u00a0\u00bb{}\u00a0\u00bb]<\/p>\n<h2>Financier<\/h2>\n<p>[\/et_pb_text][\/et_pb_column][\/et_pb_row][et_pb_row _builder_version=\u00a0\u00bb4.20.2&Prime; _module_preset=\u00a0\u00bbdefault\u00a0\u00bb custom_padding=\u00a0\u00bb13px||12px|||\u00a0\u00bb global_colors_info=\u00a0\u00bb{}\u00a0\u00bb][et_pb_column type=\u00a0\u00bb4_4&Prime; _builder_version=\u00a0\u00bb4.20.2&Prime; _module_preset=\u00a0\u00bbdefault\u00a0\u00bb global_colors_info=\u00a0\u00bb{}\u00a0\u00bb][et_pb_text _builder_version=\u00a0\u00bb4.20.2&Prime; _module_preset=\u00a0\u00bbdefault\u00a0\u00bb global_colors_info=\u00a0\u00bb{}\u00a0\u00bb]<\/p>\n<p>Vous avez un projet ou une demande que vous aimeriez r\u00e9aliser, mais les moyens financiers ne suffisent pas ? O\u00f9 puis-je me renseigner et o\u00f9 puis-je \u00e9conomiser ? <\/p>\n<p>[\/et_pb_text][\/et_pb_column][\/et_pb_row][et_pb_row column_structure=\u00a0\u00bb1_4,1_4,1_4,1_4&Prime; _builder_version=\u00a0\u00bb4.21.0&Prime; _module_preset=\u00a0\u00bbdefault\u00a0\u00bb custom_padding=\u00a0\u00bb19px|||||\u00a0\u00bb border_radii=\u00a0\u00bbon|5px|5px|5px|5px\u00a0\u00bb global_colors_info=\u00a0\u00bb{}\u00a0\u00bb][et_pb_column type=\u00a0\u00bb1_4&Prime; _builder_version=\u00a0\u00bb4.20.2&Prime; _module_preset=\u00a0\u00bbdefault\u00a0\u00bb global_colors_info=\u00a0\u00bb{}\u00a0\u00bb][et_pb_text _builder_version=\u00a0\u00bb4.21.0&Prime; _module_preset=\u00a0\u00bbdefault\u00a0\u00bb text_text_color=\u00a0\u00bbrgba(111,173,197,0.88)\u00a0\u00bb text_line_height=\u00a0\u00bb1.3em\u00a0\u00bb background_color=\u00a0\u00bbrgba(111,173,197,0.88)\u00a0\u00bb custom_padding=\u00a0\u00bb10px||||false|false\u00a0\u00bb border_radii=\u00a0\u00bbon|5px|5px|5px|5px\u00a0\u00bb global_colors_info=\u00a0\u00bb{}\u00a0\u00bb]<\/p>\n<h3 style=\"text-align: center;\">Demande de soutien<\/h3>\n<p>[\/et_pb_text][et_pb_accordion _builder_version=\u00a0\u00bb4.21.0&Prime; _module_preset=\u00a0\u00bbdefault\u00a0\u00bb background_color=\u00a0\u00bbrgba(111,173,197,0.88)\u00a0\u00bb global_colors_info=\u00a0\u00bb{}\u00a0\u00bb][et_pb_accordion_item title=\u00a0\u00bbDuchenne Suisse \u00a0\u00bb open=\u00a0\u00bbon\u00a0\u00bb _builder_version=\u00a0\u00bb4.21.0&Prime; _module_preset=\u00a0\u00bbdefault\u00a0\u00bb global_colors_info=\u00a0\u00bb{}\u00a0\u00bb toggle_line_height=\u00a0\u00bb1.2em\u00a0\u00bb]Soutien direct aux particuliers. <a href=\"mailto:nachricht@duchenne-schweiz.ch\" target=\"_blank\" rel=\"noopener\">Mail<\/a> [\/et_pb_accordion_item][et_pb_accordion_item title=\u00a0\u00bbSchweizerische Muskelgesellschaft\u00a0\u00bb _builder_version=\u00a0\u00bb4.21.0&Prime; _module_preset=\u00a0\u00bbdefault\u00a0\u00bb global_colors_info=\u00a0\u00bb{}\u00a0\u00bb toggle_line_height=\u00a0\u00bb1.2em\u00a0\u00bb open=\u00a0\u00bboff\u00a0\u00bb]<\/p>\n<p>Soutien direct aux <a href=\"http:\/\/www.muskelgesellschaft.ch\" target=\"_blank\" rel=\"noopener\"> particuliers.<\/a><\/p>\n<p>[\/et_pb_accordion_item][et_pb_accordion_item title=\u00a0\u00bbAssociation Raphbo\u00a0\u00bb _builder_version=\u00a0\u00bb4.21.0&Prime; _module_preset=\u00a0\u00bbdefault\u00a0\u00bb global_colors_info=\u00a0\u00bb{}\u00a0\u00bb toggle_line_height=\u00a0\u00bb1.2em\u00a0\u00bb open=\u00a0\u00bboff\u00a0\u00bb]<\/p>\n<p>Soutien direct aux <a href=\"http:\/\/www.raphbo.ch\" target=\"_blank\" rel=\"noopener\" title=\"Particuliers\">particuliers.<\/a><\/p>\n<p>[\/et_pb_accordion_item][et_pb_accordion_item title=\u00a0\u00bbFondation Cerebral\u00a0\u00bb _builder_version=\u00a0\u00bb4.21.0&Prime; _module_preset=\u00a0\u00bbdefault\u00a0\u00bb global_colors_info=\u00a0\u00bb{}\u00a0\u00bb toggle_line_height=\u00a0\u00bb1.2em\u00a0\u00bb open=\u00a0\u00bboff\u00a0\u00bb]<\/p>\n<p>Soutien de conseils aux <a href=\"http:\/\/www.cerebral.ch\" target=\"_blank\" rel=\"noopener\" title=\"Familles\">familles<\/a><\/p>\n<p>[\/et_pb_accordion_item][et_pb_accordion_item title=\u00a0\u00bbAide d&rsquo;hiver\u00a0\u00bb _builder_version=\u00a0\u00bb4.21.0&Prime; _module_preset=\u00a0\u00bbdefault\u00a0\u00bb global_colors_info=\u00a0\u00bb{}\u00a0\u00bb toggle_line_height=\u00a0\u00bb1.2em\u00a0\u00bb open=\u00a0\u00bboff\u00a0\u00bb]<\/p>\n<p>Soutien financier aux familles en <a href=\"https:\/\/www.winterhilfe.ch\/hilfe-erhalten\" target=\"_blank\" rel=\"noopener\" title=\"Difficult\u00e9\">difficult\u00e9<\/a><\/p>\n<p>[\/et_pb_accordion_item][\/et_pb_accordion][\/et_pb_column][et_pb_column type=\u00a0\u00bb1_4&Prime; _builder_version=\u00a0\u00bb4.20.2&Prime; _module_preset=\u00a0\u00bbdefault\u00a0\u00bb global_colors_info=\u00a0\u00bb{}\u00a0\u00bb][et_pb_text _builder_version=\u00a0\u00bb4.21.0&Prime; _module_preset=\u00a0\u00bbdefault\u00a0\u00bb text_text_color=\u00a0\u00bbrgba(238,114,119,0.88)\u00a0\u00bb background_color=\u00a0\u00bbrgba(238,114,119,0.88)\u00a0\u00bb custom_padding=\u00a0\u00bb10px||||false|false\u00a0\u00bb border_radii=\u00a0\u00bbon|5px|5px|5px|5px\u00a0\u00bb global_colors_info=\u00a0\u00bb{}\u00a0\u00bb]<\/p>\n<h3 style=\"text-align: center;\">R\u00e9alisation du v\u0153u<\/h3>\n<p>[\/et_pb_text][et_pb_accordion _builder_version=\u00a0\u00bb4.21.0&Prime; _module_preset=\u00a0\u00bbdefault\u00a0\u00bb toggle_line_height=\u00a0\u00bb1.2em\u00a0\u00bb background_color=\u00a0\u00bbrgba(238,114,119,0.88)\u00a0\u00bb global_colors_info=\u00a0\u00bb{}\u00a0\u00bb][et_pb_accordion_item title=\u00a0\u00bbFondation \u00c9toile filante\u00a0\u00bb open=\u00a0\u00bbon\u00a0\u00bb _builder_version=\u00a0\u00bb4.21.0&Prime; _module_preset=\u00a0\u00bbdefault\u00a0\u00bb global_colors_info=\u00a0\u00bb{}\u00a0\u00bb toggle_line_height=\u00a0\u00bb1.2em\u00a0\u00bb]<\/p>\n<p><span style=\"color: #6fadc5;\"><a href=\"https:\/\/sternschnuppe.ch\/de\/\" target=\"_blank\" rel=\"noopener\" style=\"color: #6fadc5;\">R\u00e9alisation des v\u0153ux<\/a><\/span> jusqu&rsquo;\u00e0 l&rsquo;\u00e2ge de 18 ans.<\/p>\n<p>[\/et_pb_accordion_item][et_pb_accordion_item title=\u00a0\u00bbFondation Lampe magique\u00a0\u00bb _builder_version=\u00a0\u00bb4.21.0&Prime; _module_preset=\u00a0\u00bbdefault\u00a0\u00bb global_colors_info=\u00a0\u00bb{}\u00a0\u00bb toggle_line_height=\u00a0\u00bb1.2em\u00a0\u00bb open=\u00a0\u00bboff\u00a0\u00bb]<\/p>\n<p><a href=\"https:\/\/www.wunderlampe.ch\/de\/\" target=\"_blank\" rel=\"noopener\">R\u00e9alisation des v\u0153ux<\/a> jusqu&rsquo;\u00e0 l&rsquo;\u00e2ge de 18 ans.<\/p>\n<p>[\/et_pb_accordion_item][et_pb_accordion_item title=\u00a0\u00bbFondation Denk an mich\u00a0\u00bb _builder_version=\u00a0\u00bb4.21.0&Prime; _module_preset=\u00a0\u00bbdefault\u00a0\u00bb global_colors_info=\u00a0\u00bb{}\u00a0\u00bb toggle_line_height=\u00a0\u00bb1.2em\u00a0\u00bb open=\u00a0\u00bboff\u00a0\u00bb]<\/p>\n<p><a href=\"https:\/\/denkanmich.ch\/\" target=\"_blank\" rel=\"noopener\">D\u00e9p\u00f4t d&rsquo;une demande<\/a> jusqu&rsquo;\u00e0 l&rsquo;\u00e2ge de 18 ans.<\/p>\n<p>[\/et_pb_accordion_item][et_pb_accordion_item title=\u00a0\u00bbStiftung make-a-wish\u00a0\u00bb _builder_version=\u00a0\u00bb4.21.0&Prime; _module_preset=\u00a0\u00bbdefault\u00a0\u00bb global_colors_info=\u00a0\u00bb{}\u00a0\u00bb toggle_line_height=\u00a0\u00bb1.2em\u00a0\u00bb open=\u00a0\u00bboff\u00a0\u00bb]<\/p>\n<p><a href=\"https:\/\/makeawish.ch\/de\/\" target=\"_blank\" rel=\"noopener\">R\u00e9alisation des v\u0153ux<\/a> jusqu&rsquo;\u00e0 l&rsquo;\u00e2ge de 18 ans.<\/p>\n<p>[\/et_pb_accordion_item][\/et_pb_accordion][\/et_pb_column][et_pb_column type=\u00a0\u00bb1_4&Prime; _builder_version=\u00a0\u00bb4.20.2&Prime; _module_preset=\u00a0\u00bbdefault\u00a0\u00bb global_colors_info=\u00a0\u00bb{}\u00a0\u00bb][et_pb_text _builder_version=\u00a0\u00bb4.21.0&Prime; _module_preset=\u00a0\u00bbdefault\u00a0\u00bb background_color=\u00a0\u00bbrgba(248,190,165,0.88)\u00a0\u00bb custom_padding=\u00a0\u00bb10px||||false|false\u00a0\u00bb border_radii=\u00a0\u00bbon|5px|5px|5px|5px\u00a0\u00bb global_colors_info=\u00a0\u00bb{}\u00a0\u00bb]<\/p>\n<h3 style=\"text-align: center;\">Fundraising<\/h3>\n<p>[\/et_pb_text][et_pb_accordion _builder_version=\u00a0\u00bb4.21.0&Prime; _module_preset=\u00a0\u00bbdefault\u00a0\u00bb background_color=\u00a0\u00bbrgba(248,190,165,0.88)\u00a0\u00bb global_colors_info=\u00a0\u00bb{}\u00a0\u00bb][et_pb_accordion_item title=\u00a0\u00bbFundraiso\u00a0\u00bb open=\u00a0\u00bbon\u00a0\u00bb _builder_version=\u00a0\u00bb4.21.0&Prime; _module_preset=\u00a0\u00bbdefault\u00a0\u00bb background_color=\u00a0\u00bb#FFFFFF\u00a0\u00bb background_enable_color=\u00a0\u00bbon\u00a0\u00bb link_option_url=\u00a0\u00bbwww.fundraiso.ch\u00a0\u00bb link_option_url_new_window=\u00a0\u00bbon\u00a0\u00bb global_colors_info=\u00a0\u00bb{}\u00a0\u00bb toggle_line_height=\u00a0\u00bb1.2em\u00a0\u00bb]<\/p>\n<p><a href=\"https:\/\/www.google.com\/url?sa=t&amp;rct=j&amp;q=&amp;esrc=s&amp;source=web&amp;cd=&amp;cad=rja&amp;uact=8&amp;ved=2ahUKEwjF9fmT7MH-AhWf8LsIHYYwB0cQFnoECBYQAQ&amp;url=https%3A%2F%2Fwww.fundraiso.ch%2F&amp;usg=AOvVaw0mP39w3LwEu0b_nhBEd4Fs\" target=\"_blank\" rel=\"noopener\" title=\"Fundraiso\">Portail en ligne <\/a> pour la recherche de fondations<\/p>\n<p>[\/et_pb_accordion_item][et_pb_accordion_item title=\u00a0\u00bbSwissfoundations\u00a0\u00bb _builder_version=\u00a0\u00bb4.21.0&Prime; _module_preset=\u00a0\u00bbdefault\u00a0\u00bb link_option_url=\u00a0\u00bbwww.swissfoundations.ch\u00a0\u00bb link_option_url_new_window=\u00a0\u00bbon\u00a0\u00bb global_colors_info=\u00a0\u00bb{}\u00a0\u00bb toggle_line_height=\u00a0\u00bb1.2em\u00a0\u00bb open=\u00a0\u00bboff\u00a0\u00bb]<\/p>\n<p>Verband der schweizer <a href=\"https:\/\/www.google.com\/url?sa=t&amp;rct=j&amp;q=&amp;esrc=s&amp;source=web&amp;cd=&amp;cad=rja&amp;uact=8&amp;ved=2ahUKEwihjeiA7MH-AhUZ7LsIHWItBGcQFnoECBEQAQ&amp;url=https%3A%2F%2Fwww.swissfoundations.ch%2F&amp;usg=AOvVaw3SbEIIfXuJ8aCER2W2W3Zk\" target=\"_blank\" rel=\"noopener\">F\u00f6rderstiftungen<\/a><\/p>\n<p>[\/et_pb_accordion_item][et_pb_accordion_item title=\u00a0\u00bbAcc\u00e8s aux march\u00e9s de la collecte de fonds\u00a0\u00bb _builder_version=\u00a0\u00bb4.21.0&Prime; _module_preset=\u00a0\u00bbdefault\u00a0\u00bb global_colors_info=\u00a0\u00bb{}\u00a0\u00bb toggle_line_height=\u00a0\u00bb1.2em\u00a0\u00bb open=\u00a0\u00bboff\u00a0\u00bb]<\/p>\n<p><a href=\"https:\/\/stiftungschweiz.ch\/digitales-fundraising-fuer-projekttraeger\/\" target=\"_blank\" rel=\"noopener\">Site web <\/a>sur la mise en place d&rsquo;une collecte de fonds num\u00e9rique, y compris des liens compl\u00e9mentaires. <\/p>\n<p>[\/et_pb_accordion_item][\/et_pb_accordion][\/et_pb_column][et_pb_column type=\u00a0\u00bb1_4&Prime; _builder_version=\u00a0\u00bb4.20.2&Prime; _module_preset=\u00a0\u00bbdefault\u00a0\u00bb global_colors_info=\u00a0\u00bb{}\u00a0\u00bb][et_pb_text _builder_version=\u00a0\u00bb4.21.0&Prime; _module_preset=\u00a0\u00bbdefault\u00a0\u00bb background_color=\u00a0\u00bbrgba(255,227,0,0.88)\u00a0\u00bb custom_padding=\u00a0\u00bb10px||||false|false\u00a0\u00bb border_radii=\u00a0\u00bbon|5px|5px|5px|5px\u00a0\u00bb global_colors_info=\u00a0\u00bb{}\u00a0\u00bb]<\/p>\n<h3 style=\"text-align: center;\">R\u00e9duction<\/h3>\n<p>[\/et_pb_text][et_pb_accordion _builder_version=\u00a0\u00bb4.21.0&Prime; _module_preset=\u00a0\u00bbdefault\u00a0\u00bb background_color=\u00a0\u00bbrgba(255,227,0,0.88)\u00a0\u00bb global_colors_info=\u00a0\u00bb{}\u00a0\u00bb][et_pb_accordion_item title=\u00a0\u00bbD\u00e9claration d&rsquo;imp\u00f4ts\u00a0\u00bb open=\u00a0\u00bbon\u00a0\u00bb _builder_version=\u00a0\u00bb4.21.0&Prime; _module_preset=\u00a0\u00bbdefault\u00a0\u00bb global_colors_info=\u00a0\u00bb{}\u00a0\u00bb]<\/p>\n<p>\u00ab Frais li\u00e9s au handicap \u00bb. Rassemblez tout au long de l&rsquo;ann\u00e9e tous les justificatifs concernant les frais occasionn\u00e9s par le soutien que vous apportez \u00e0 votre fils. Par exemple, les frais de th\u00e9rapie non rembours\u00e9s, les moyens auxiliaires, les frais de vacances suppl\u00e9mentaires, etc.   <\/p>\n<p>[\/et_pb_accordion_item][et_pb_accordion_item title=\u00a0\u00bbR\u00e9ductions CFF\u00a0\u00bb _builder_version=\u00a0\u00bb4.21.0&Prime; _module_preset=\u00a0\u00bbdefault\u00a0\u00bb global_colors_info=\u00a0\u00bb{}\u00a0\u00bb toggle_line_height=\u00a0\u00bb1.2em\u00a0\u00bb open=\u00a0\u00bboff\u00a0\u00bb]<\/p>\n<p>Informe-toi <a href=\"https:\/\/www.sbb.ch\/de\/fahrplan\/reisehinweise\/reisende-mit-handicap\/fahrverguenstigungen.html\" target=\"_blank\" rel=\"noopener\">ici<\/a> sur les facilit\u00e9s de voyage pour les personnes handicap\u00e9es.<\/p>\n<p>[\/et_pb_accordion_item][\/et_pb_accordion][\/et_pb_column][\/et_pb_row][\/et_pb_section]<\/p>\n","protected":false},"excerpt":{"rendered":"<p>Comment pouvons-nous te soutenir ?Vous avez des questions et vous cherchez des r\u00e9ponses ? Nous vous recommandons vivement les interlocuteurs suivants.M\u00e8re de LeartDans nos trois groupes d&rsquo;entraide, les m\u00e8res, les p\u00e8res et les jeunes concern\u00e9s par la maladie de Duchenne trouvent un espace prot\u00e9g\u00e9 pour \u00e9changer avec des personnes partageant les m\u00eames id\u00e9es. Groupe de [&hellip;]<\/p>\n","protected":false},"author":5,"featured_media":0,"parent":0,"menu_order":0,"comment_status":"closed","ping_status":"closed","template":"","meta":{"_et_pb_use_builder":"on","_et_pb_old_content":"","_et_gb_content_width":"","inline_featured_image":false,"footnotes":""},"class_list":["post-15617","page","type-page","status-publish","hentry"],"_links":{"self":[{"href":"https:\/\/www.duchenne-schweiz.ch\/fr\/wp-json\/wp\/v2\/pages\/15617","targetHints":{"allow":["GET"]}}],"collection":[{"href":"https:\/\/www.duchenne-schweiz.ch\/fr\/wp-json\/wp\/v2\/pages"}],"about":[{"href":"https:\/\/www.duchenne-schweiz.ch\/fr\/wp-json\/wp\/v2\/types\/page"}],"author":[{"embeddable":true,"href":"https:\/\/www.duchenne-schweiz.ch\/fr\/wp-json\/wp\/v2\/users\/5"}],"replies":[{"embeddable":true,"href":"https:\/\/www.duchenne-schweiz.ch\/fr\/wp-json\/wp\/v2\/comments?post=15617"}],"version-history":[{"count":9,"href":"https:\/\/www.duchenne-schweiz.ch\/fr\/wp-json\/wp\/v2\/pages\/15617\/revisions"}],"predecessor-version":[{"id":15993,"href":"https:\/\/www.duchenne-schweiz.ch\/fr\/wp-json\/wp\/v2\/pages\/15617\/revisions\/15993"}],"wp:attachment":[{"href":"https:\/\/www.duchenne-schweiz.ch\/fr\/wp-json\/wp\/v2\/media?parent=15617"}],"curies":[{"name":"wp","href":"https:\/\/api.w.org\/{rel}","templated":true}]}}