{"id":15552,"date":"2025-05-06T12:26:17","date_gmt":"2025-05-06T11:26:17","guid":{"rendered":"https:\/\/www.duchenne-schweiz.ch\/options-de-paiement\/"},"modified":"2025-07-21T17:27:47","modified_gmt":"2025-07-21T16:27:47","slug":"options-de-paiement","status":"publish","type":"page","link":"https:\/\/www.duchenne-schweiz.ch\/fr\/options-de-paiement\/","title":{"rendered":"Options de paiement"},"content":{"rendered":"<p style=\"text-align: left;\">Nous vous remercions de votre inscription \u00e0 la conf\u00e9rence Duchenne-Suisse 2025.<br \/>\nVous recevrez la confirmation d\u00e9finitive de votre inscription apr\u00e8s r\u00e9ception de votre paiement.<\/p>\n<p style=\"text-align: left;\">Veuillez r\u00e9gler les frais d&rsquo;inscription \u00e0 la conf\u00e9rence (+ \u00e9ventuellement le d\u00eener) dans les 10 jours, de pr\u00e9f\u00e9rence par bulletin de versement avec la mention \u00ab Conf\u00e9rence Duchenne 2025 \u00bb (<a href=\"https:\/\/www.duchenne-schweiz.ch\/wp-content\/uploads\/2025\/05\/QR-Einzahlungsschein.pdf\" target=\"_blank\" rel=\"noopener\">\u00e0 t\u00e9l\u00e9charger ici<\/a>) ou par <a href=\"https:\/\/pay.raisenow.io\/ywdtf?lng=fr\">TWINT<\/a>.<\/p>\n<p><strong>Paiement par bulletin de versement<\/strong> (de pr\u00e9f\u00e9rence, cela ne nous co\u00fbte rien).<\/p>\n<p><a href=\"https:\/\/www.duchenne-schweiz.ch\/wp-content\/uploads\/2025\/04\/Einzahlungsschein-Duchenne-Schweiz.jpg\"><img loading=\"lazy\" decoding=\"async\" class=\"wp-image-15350 size-full\" src=\"https:\/\/www.duchenne-schweiz.ch\/wp-content\/uploads\/2025\/04\/Einzahlungsschein-Duchenne-Schweiz.jpg\" alt=\"Bulletin de versement\" width=\"883\" height=\"459\" srcset=\"https:\/\/www.duchenne-schweiz.ch\/wp-content\/uploads\/2025\/04\/Einzahlungsschein-Duchenne-Schweiz.jpg 883w, https:\/\/www.duchenne-schweiz.ch\/wp-content\/uploads\/2025\/04\/Einzahlungsschein-Duchenne-Schweiz-480x250.jpg 480w\" sizes=\"(min-width: 0px) and (max-width: 480px) 480px, (min-width: 481px) 883px, 100vw\" \/><\/a><\/p>\n<p>Plus d&rsquo;informations sur SWIFT\/BIC:<\/p>\n<ul>\n<li>Basellandschaftliche Kantonalbank BLKB, Rheinstrasse 7, Postfach, 4410 Liestal<\/li>\n<li>Clearing-Nr.: 769<\/li>\n<li>SWIFT\/BIC: BLKBCH22<\/li>\n<li>SIX SIS: CH102318<\/li>\n<\/ul>\n<p>&nbsp;<\/p>\n<p><strong>Paiement par TWINT<\/strong><\/p>\n<div id=\"rnw-paylink-button-ywdtf\"><\/div>\n<p><script type=\"module\">\n  import {TwintButton} from \"https:\/\/unpkg.com\/@raisenow\/paylink-button@2\/dist\/TwintButton.js\"\n  TwintButton.render(\"#rnw-paylink-button-ywdtf\", {\n    \"solution-id\": \"ywdtf\",\n    \"solution-type\": \"pay\",\n    \"language\": \"de\",\n    \"size\": \"medium\",\n    \"width\": \"fixed\",\n    \"color-scheme\": \"dark\",\n  })\n<\/script><\/p>\n<p>&nbsp;<\/p>\n<p>&nbsp;<\/p>\n<p>&nbsp;<\/p>\n","protected":false},"excerpt":{"rendered":"<p>Nous vous remercions de votre inscription \u00e0 la conf\u00e9rence Duchenne-Suisse 2025. Vous recevrez la confirmation d\u00e9finitive de votre inscription apr\u00e8s r\u00e9ception de votre paiement. Veuillez r\u00e9gler les frais d&rsquo;inscription \u00e0 la conf\u00e9rence (+ \u00e9ventuellement le d\u00eener) dans les 10 jours, de pr\u00e9f\u00e9rence par bulletin de versement avec la mention \u00ab Conf\u00e9rence Duchenne 2025 \u00bb (\u00e0 [&hellip;]<\/p>\n","protected":false},"author":24792,"featured_media":0,"parent":0,"menu_order":0,"comment_status":"closed","ping_status":"closed","template":"","meta":{"_et_pb_use_builder":"","_et_pb_old_content":"","_et_gb_content_width":"","inline_featured_image":false,"footnotes":""},"class_list":["post-15552","page","type-page","status-publish","hentry"],"_links":{"self":[{"href":"https:\/\/www.duchenne-schweiz.ch\/fr\/wp-json\/wp\/v2\/pages\/15552","targetHints":{"allow":["GET"]}}],"collection":[{"href":"https:\/\/www.duchenne-schweiz.ch\/fr\/wp-json\/wp\/v2\/pages"}],"about":[{"href":"https:\/\/www.duchenne-schweiz.ch\/fr\/wp-json\/wp\/v2\/types\/page"}],"author":[{"embeddable":true,"href":"https:\/\/www.duchenne-schweiz.ch\/fr\/wp-json\/wp\/v2\/users\/24792"}],"replies":[{"embeddable":true,"href":"https:\/\/www.duchenne-schweiz.ch\/fr\/wp-json\/wp\/v2\/comments?post=15552"}],"version-history":[{"count":3,"href":"https:\/\/www.duchenne-schweiz.ch\/fr\/wp-json\/wp\/v2\/pages\/15552\/revisions"}],"predecessor-version":[{"id":15855,"href":"https:\/\/www.duchenne-schweiz.ch\/fr\/wp-json\/wp\/v2\/pages\/15552\/revisions\/15855"}],"wp:attachment":[{"href":"https:\/\/www.duchenne-schweiz.ch\/fr\/wp-json\/wp\/v2\/media?parent=15552"}],"curies":[{"name":"wp","href":"https:\/\/api.w.org\/{rel}","templated":true}]}}