{"id":15550,"date":"2025-05-08T10:02:26","date_gmt":"2025-05-08T09:02:26","guid":{"rendered":"https:\/\/www.duchenne-schweiz.ch\/erreur-de-paiement\/"},"modified":"2025-05-20T15:19:09","modified_gmt":"2025-05-20T14:19:09","slug":"erreur-de-paiement","status":"publish","type":"page","link":"https:\/\/www.duchenne-schweiz.ch\/fr\/erreur-de-paiement\/","title":{"rendered":"Erreur de paiement"},"content":{"rendered":"<p style=\"text-align: left;\"><strong>Malheureusement, cela n&rsquo;a pas fonctionn\u00e9. Veuillez r\u00e9essayer.<br \/>\n<\/strong>Vous recevrez la confirmation d\u00e9finitive de votre inscription apr\u00e8s r\u00e9ception du paiement.<\/p>\n<p style=\"text-align: left;\">Veuillez r\u00e9gler les frais d&rsquo;inscription \u00e0 la conf\u00e9rence (+ \u00e9ventuellement le d\u00eener) dans les 10 jours, de pr\u00e9f\u00e9rence par bulletin de versement (<a href=\"https:\/\/www.duchenne-schweiz.ch\/wp-content\/uploads\/2025\/05\/QR-Einzahlungsschein.pdf\" target=\"_blank\" rel=\"noopener\">\u00e0 t\u00e9l\u00e9charger ici<\/a>) ou par <a href=\"https:\/\/pay.raisenow.io\/ywdtf?lng=fr\">TWINT<\/a>.<\/p>\n<p><strong>Paiement par bulletin de versement<\/strong> (de pr\u00e9f\u00e9rence, cela ne nous co\u00fbte rien).<\/p>\n<p><a href=\"https:\/\/www.duchenne-schweiz.ch\/wp-content\/uploads\/2025\/04\/Einzahlungsschein-Duchenne-Schweiz.jpg\"><img loading=\"lazy\" decoding=\"async\" class=\"wp-image-15350 size-full\" src=\"https:\/\/www.duchenne-schweiz.ch\/wp-content\/uploads\/2025\/04\/Einzahlungsschein-Duchenne-Schweiz.jpg\" alt=\"Bulletin de versement\" width=\"883\" height=\"459\" srcset=\"https:\/\/www.duchenne-schweiz.ch\/wp-content\/uploads\/2025\/04\/Einzahlungsschein-Duchenne-Schweiz.jpg 883w, https:\/\/www.duchenne-schweiz.ch\/wp-content\/uploads\/2025\/04\/Einzahlungsschein-Duchenne-Schweiz-480x250.jpg 480w\" sizes=\"(min-width: 0px) and (max-width: 480px) 480px, (min-width: 481px) 883px, 100vw\" \/><\/a><\/p>\n<p style=\"text-align: left;\"><strong>Paiement par TWINT<\/strong><\/p>\n<div id=\"rnw-paylink-button-ywdtf\"><\/div>\n<p><script type=\"module\">\n  import {TwintButton} from \"https:\/\/unpkg.com\/@raisenow\/paylink-button@2\/dist\/TwintButton.js\"\n  TwintButton.render(\"#rnw-paylink-button-ywdtf\", {\n    \"solution-id\": \"ywdtf\",\n    \"solution-type\": \"pay\",\n    \"language\": \"de\",\n    \"size\": \"medium\",\n    \"width\": \"fixed\",\n    \"color-scheme\": \"dark\",\n  })\n<\/script><\/p>\n<p>&nbsp;<\/p>\n<div class=\"mceTemp\"><\/div>\n","protected":false},"excerpt":{"rendered":"<p>Malheureusement, cela n&rsquo;a pas fonctionn\u00e9. Veuillez r\u00e9essayer. Vous recevrez la confirmation d\u00e9finitive de votre inscription apr\u00e8s r\u00e9ception du paiement. Veuillez r\u00e9gler les frais d&rsquo;inscription \u00e0 la conf\u00e9rence (+ \u00e9ventuellement le d\u00eener) dans les 10 jours, de pr\u00e9f\u00e9rence par bulletin de versement (\u00e0 t\u00e9l\u00e9charger ici) ou par TWINT. Paiement par bulletin de versement (de pr\u00e9f\u00e9rence, cela [&hellip;]<\/p>\n","protected":false},"author":24792,"featured_media":0,"parent":0,"menu_order":0,"comment_status":"closed","ping_status":"closed","template":"","meta":{"_et_pb_use_builder":"","_et_pb_old_content":"","_et_gb_content_width":"","inline_featured_image":false,"footnotes":""},"class_list":["post-15550","page","type-page","status-publish","hentry"],"_links":{"self":[{"href":"https:\/\/www.duchenne-schweiz.ch\/fr\/wp-json\/wp\/v2\/pages\/15550","targetHints":{"allow":["GET"]}}],"collection":[{"href":"https:\/\/www.duchenne-schweiz.ch\/fr\/wp-json\/wp\/v2\/pages"}],"about":[{"href":"https:\/\/www.duchenne-schweiz.ch\/fr\/wp-json\/wp\/v2\/types\/page"}],"author":[{"embeddable":true,"href":"https:\/\/www.duchenne-schweiz.ch\/fr\/wp-json\/wp\/v2\/users\/24792"}],"replies":[{"embeddable":true,"href":"https:\/\/www.duchenne-schweiz.ch\/fr\/wp-json\/wp\/v2\/comments?post=15550"}],"version-history":[{"count":1,"href":"https:\/\/www.duchenne-schweiz.ch\/fr\/wp-json\/wp\/v2\/pages\/15550\/revisions"}],"predecessor-version":[{"id":15593,"href":"https:\/\/www.duchenne-schweiz.ch\/fr\/wp-json\/wp\/v2\/pages\/15550\/revisions\/15593"}],"wp:attachment":[{"href":"https:\/\/www.duchenne-schweiz.ch\/fr\/wp-json\/wp\/v2\/media?parent=15550"}],"curies":[{"name":"wp","href":"https:\/\/api.w.org\/{rel}","templated":true}]}}